{"id":12736,"date":"2023-03-23T16:55:33","date_gmt":"2023-03-23T16:55:33","guid":{"rendered":"https:\/\/stemwomen.eu\/lisboa\/"},"modified":"2023-10-18T07:59:09","modified_gmt":"2023-10-18T07:59:09","slug":"lisboa","status":"publish","type":"page","link":"https:\/\/www.stemwomen.eu\/en\/lisboa\/","title":{"rendered":"Lisboa"},"content":{"rendered":"<section class=\"l-section wpb_row us_custom_0490361b height_auto full_height valign_center with_img parallax_ver with_shape\"><div class=\"l-section-img\" role=\"img\" data-img-width=\"2500\" data-img-height=\"1250\" style=\"background-image: url(https:\/\/www.stemwomen.eu\/wp-content\/uploads\/2023\/07\/banner-blisboa.jpg);background-repeat: no-repeat;\"><\/div><div class=\"l-section-shape type_wave pos_bottom on_front\" style=\"height:15vmin;\"><svg xmlns=\"http:\/\/www.w3.org\/2000\/svg\" viewBox=\"0 4 64 4\" preserveAspectRatio=\"none\" width=\"100%\" height=\"100%\">\r\n\t<path fill=\"currentColor\" d=\"M64 6 C32 0 32 12 0 6 L0 8 L64 8 Z\"\/>\r\n<\/svg><\/div><div class=\"l-section-h i-cf\"><div class=\"g-cols vc_row via_grid cols_2 laptops-cols_inherit tablets-cols_inherit mobiles-cols_1 valign_middle type_default stacking_default\"><div class=\"wpb_column vc_column_container us_custom_e30e3d47\"><div class=\"vc_column-inner\"><div class=\"w-separator size_large\"><\/div><div class=\"wpb_text_column us_custom_bdba1469 has_text_color\"><div class=\"wpb_wrapper\"><h2 style=\"text-align: left;\"><strong>STEM WOMEN CONGRESS LISBON 2023<\/strong><\/h2>\n<\/div><\/div><div class=\"wpb_text_column us_custom_bdba1469 has_text_color\"><div class=\"wpb_wrapper\"><h4><strong>October 17th, 2023<br \/>\nISEG (Instituto Superior de Economia e Gest\u00e3o da Universidade de Lisboa) &#8211; Audit\u00f3rio Caixa Geral de Dep\u00f3sitos<br \/>\n<\/strong><\/h4>\n<\/div><\/div><div class=\"w-separator size_small\"><\/div><div class=\"w-btn-wrapper align_none\"><a class=\"w-btn us-btn-style_5\" target=\"_blank\" rel=\"nofollow\" title=\"Inscripci\u00f3n STEM Women Congress Lisboa 2023\" href=\"https:\/\/www.youtube.com\/live\/PeICdpju5Kg?si=cHuPvW8iggxgD2BL\"><span class=\"w-btn-label\">WATCH THE VIDEO<\/span><\/a><\/div><\/div><\/div><div class=\"wpb_column vc_column_container\"><div class=\"vc_column-inner\"><\/div><\/div><\/div><\/div><\/section><section class=\"l-section wpb_row height_medium\"><div class=\"l-section-h i-cf\"><div class=\"g-cols vc_row via_grid cols_1 laptops-cols_inherit tablets-cols_inherit mobiles-cols_1 valign_top type_default stacking_default\"><div class=\"wpb_column vc_column_container\"><div class=\"vc_column-inner\"><section class=\"l-section wpb_row height_medium width_full\" id=\"programa\"><div class=\"l-section-h i-cf\"><div class=\"g-cols vc_row via_grid cols_2 laptops-cols_inherit tablets-cols_inherit mobiles-cols_1 valign_top type_default stacking_default\"><div class=\"wpb_column vc_column_container us_custom_9d8fa76d\"><div class=\"vc_column-inner\"><div class=\"w-video align_center ratio_16x9 has_iframe\"><div class=\"w-video-h\"><iframe title=\"Youtube video player\" src=\"\/\/www.youtube.com\/embed\/ccvoSUkyXsM?autoplay=0&controls=0&origin=https:\/\/www.stemwomen.eu\/en\/&loop=0&mute=0\" allowfullscreen=\"1\" loading=\"lazy\"><\/iframe><\/div><div class=\"w-video-icon\" style=\"font-size:1.5rem;background:rgba(0,0,0,0.5);color:#fff\"><\/div><\/div><\/div><\/div><div class=\"wpb_column vc_column_container\"><div class=\"vc_column-inner\"><div class=\"wpb_text_column us_custom_b546d638 has_text_color\"><div class=\"wpb_wrapper\"><h4><strong>PROGRAM<\/strong><\/h4>\n<\/div><\/div><div class=\"w-separator size_small\"><\/div><div class=\"wpb_text_column\"><div class=\"wpb_wrapper\"><p style=\"text-align: left;\"><strong>09:30 h<\/strong> <strong><span style=\"color: #800080;\">REGISTRATION<\/span><\/strong><\/p>\n<p style=\"text-align: left;\"><strong>10:00 h Joana Pais, <\/strong>vicepresidenta de ISEG <span data-usefontface=\"true\" data-contrast=\"none\">(Instituto Superior de Economia e Gest\u00e3o da Universidade de Lisboa)<\/span><strong><br \/>\n<\/strong><strong>10:05 h Eva D\u00edaz,<\/strong> CEO STEM Women Congress\u200b<\/p>\n<p><span data-usefontface=\"true\" data-contrast=\"none\"><strong>10:15 h <\/strong><span style=\"color: #cc99ff;\"><strong><span style=\"color: #800080;\">WHAT IS THE STEM WOMEN CONGRESS?<br \/>\n<\/span><\/strong><\/span><\/span><strong><span data-usefontface=\"true\" data-contrast=\"none\">10:30 h <span style=\"color: #cc99ff;\"><span style=\"color: #800080;\">TALK: The STEM Association<br \/>\n<\/span><\/span>Mar Porras, <\/span><\/strong>member of the Executive Board of the SWC and Sales Enablement Manager at Ricoh Espa\u00f1a<br \/>\n<span data-usefontface=\"true\" data-contrast=\"none\"><strong>10:30 h <\/strong><span style=\"color: #cc99ff;\"><strong><span style=\"color: #800080;\">TALK: The STEM Annual Report<br \/>\n<\/span><\/strong><\/span><strong>Susanna Cabos,<\/strong> member of the Executive Board of the SWC and Customer Satisfaction and Quality Director at Schneider Electric<br \/>\n<\/span><\/p>\n<p style=\"text-align: left;\"><span data-usefontface=\"true\" data-contrast=\"none\"><strong>10:45 h <span style=\"color: #800080;\">SWC Portugal Chapter<\/span><br \/>\n10:45 h Liliana Domingues, <\/strong>General Manager Portugal<strong><br \/>\n<\/strong><\/span><\/p>\n<p style=\"text-align: left;\"><span data-usefontface=\"true\" data-contrast=\"none\"><strong>10:50 h <span style=\"color: #800080;\">PRESENTATION AND PIN DELIVERY: STEM Women Committee &#8211; Portugal<\/span><\/strong><br \/>\n<strong>Carol Romay,<\/strong> member of the Executive Board of the SWC and freelance consultant<br \/>\n<strong>Celiana Carre\u00f1o,<\/strong> VP Technology &amp; Head of Producte Europe Globant and STEM Ambassador in Madrid<br \/>\n<strong>Miriam Barajas,<\/strong> Chief Communications officer Magenta People and STEM Ambassador in Madrid<br \/>\n<strong>Mar Porras, <\/strong>member of the Executive Board of the SWC and Sales Enablement Manager at Ricoh Espa\u00f1a<strong><br \/>\nSusanna Cabos, <\/strong>member of the Executive Board of the SWC and Customer Satisfaction and Quality Director at Schneider Electric<br \/>\n<strong>Liliana Domingues,<\/strong> General Manager Portugal<br \/>\n<strong>Stela Suils Cuesta<\/strong>, founder and DEI Practitioner of Diversitude and STEM Ambassador in Portugal<br \/>\n<strong>Filipa de Sousa<\/strong>, Young Inventor Award, European Patent Office and STEM Ambassador in Portugal<br \/>\n<strong>S\u00f3nia Rodrigues<\/strong>, Key Account Management Pamafe, Ricoh Company and STEM Ambassador in Portugal<br \/>\n<strong>Mariana Tavernari<\/strong>, Research &amp; Strategy at Globant and STEM Ambassador in Portugal<br \/>\n<strong>Sabrina Duarte<\/strong>, Key Account Manager at PAMAFE IT, a RICOH Company, and Ambassador in Portugal<\/span><\/p>\n<p style=\"text-align: left;\"><span data-usefontface=\"true\" data-contrast=\"none\"><strong>11:00 h <span style=\"color: #800080;\">Coffee Break<\/span><\/strong><\/span><br \/>\n<span data-usefontface=\"true\" data-contrast=\"none\"><strong>11:30 h <span style=\"color: #800080;\">TALKS<br \/>\n<\/span>11:30 h In\u00e9s Rodrigues, <\/strong>Country Business Developer Schneider Electric<strong><br \/>\n<\/strong><\/span><span data-usefontface=\"true\" data-contrast=\"none\"><strong>11:45 h Sara Falc\u00e3o, <\/strong>ISEG (Instituto Superior de Economia e Gest\u00e3o da Universidade de Lisboa)<strong><br \/>\n12:00 h Filipa de Sousa, <\/strong>Young Inventor Award, European Patent Office<br \/>\n<strong>12:15 h Marta Creus, <\/strong>EMEA Service Manager \u2013 Naval Architect in Triton Submarines EMEA<br \/>\n<\/span><\/p>\n<p style=\"text-align: left;\"><span data-usefontface=\"true\" data-contrast=\"none\"><strong>12:30 h <span style=\"color: #800080;\">HOW TO FIX THE UNDERREPRESENTATION OF WOMEN IN THE STEM SECTORS<br \/>\n<span style=\"color: #1a1a1a;\">V\u00edctor Moure, <\/span><\/span><\/strong><span style=\"color: #1a1a1a;\">Country Manager Schneider Electric<br \/>\n<strong>Isabel Moura Ramos,<\/strong> Executive Board Member Porto de Lisboa e Set\u00fabal<br \/>\n<strong>Karolina Korth,<\/strong> Head of Regions at Siemens Mobility Software Business Unit<br \/>\n<\/span><\/span><strong>S\u00f3nia Rodrigues<\/strong>, Key Account Management Pamafe, Ricoh Company<br \/>\n<span data-usefontface=\"true\" data-contrast=\"none\"><strong>Mariana Tavernari<\/strong>, Research &amp; Strategy at Globant and STEM Ambassador in Portugal<br \/>\n<strong>Silvia Bechmann,<\/strong> Global CEO at Mercedes-Benz.io<br \/>\n<\/span><\/p>\n<p style=\"text-align: left;\"><b><span data-usefontface=\"true\" data-contrast=\"none\"><strong>13:20 h<span style=\"color: #800080;\"> CLOUSURE<br \/>\n<span style=\"color: #1a1a1a;\">Isabel Almeida Rodrigues, <\/span><\/span><\/strong><\/span><\/b><span style=\"color: #800080;\"><span style=\"color: #1a1a1a;\">Secretary of State for Equality and Migrations<\/span><\/span><b><span data-usefontface=\"true\" data-contrast=\"none\"><strong><span style=\"color: #800080;\"><br \/>\n<\/span><\/strong><\/span><\/b><\/p>\n<p style=\"text-align: left;\"><b><span data-usefontface=\"true\" data-contrast=\"none\"><strong>13:30 h <\/strong><\/span><\/b><span style=\"color: #800080;\"><b>Cocktail<\/b><\/span><b><span data-usefontface=\"true\" data-contrast=\"none\"><strong><span style=\"color: #800080;\"><br \/>\n<\/span><\/strong><\/span><\/b><\/p>\n<\/div><\/div><div class=\"w-separator size_medium\"><\/div><\/div><\/div><\/div><\/div><\/section><section class=\"l-section wpb_row height_medium width_full\" id=\"partners\"><div class=\"l-section-h i-cf\"><div class=\"g-cols vc_row via_grid cols_2 laptops-cols_inherit tablets-cols_inherit mobiles-cols_1 valign_top type_default stacking_default\"><div class=\"wpb_column vc_column_container us_custom_9d8fa76d\"><div class=\"vc_column-inner\"><div class=\"wpb_text_column us_custom_b546d638 has_text_color\"><div class=\"wpb_wrapper\"><h4><strong>PARTNERS<\/strong><\/h4>\n<\/div><\/div><div class=\"w-separator size_small\"><\/div><div class=\"g-cols wpb_row us_custom_7e20fa79 us_animate_this via_grid cols_4 laptops-cols_inherit tablets-cols_inherit mobiles-cols_1 valign_top type_default stacking_default\" style=\"--gap:3rem;\"><div class=\"wpb_column vc_column_container\"><div class=\"vc_column-inner\"><div class=\"w-image align_center\"><a target=\"_blank\" rel=\"nofollow\" title=\"Schneider Electric\" href=\"https:\/\/www.se.com\/pt\/pt\/about-us\/careers\/women-in-tech.jsp\" aria-label=\"Schneider Electric Logo 3\" class=\"w-image-h\"><img decoding=\"async\" width=\"1024\" height=\"576\" src=\"https:\/\/www.stemwomen.eu\/wp-content\/uploads\/2023\/07\/Schneider-Electric-Logo-3-1024x576.png\" class=\"attachment-large size-large\" alt=\"\" loading=\"lazy\" srcset=\"https:\/\/www.stemwomen.eu\/wp-content\/uploads\/2023\/07\/Schneider-Electric-Logo-3-1024x576.png 1024w, https:\/\/www.stemwomen.eu\/wp-content\/uploads\/2023\/07\/Schneider-Electric-Logo-3-300x169.png 300w\" sizes=\"auto, (max-width: 1024px) 100vw, 1024px\" \/><\/a><\/div><\/div><\/div><div class=\"wpb_column vc_column_container\"><div class=\"vc_column-inner\"><div class=\"w-image align_center\"><a target=\"_blank\" rel=\"nofollow\" title=\"Ricoh\" href=\"https:\/\/www.ricoh.pt\/\" aria-label=\"ricoh\" class=\"w-image-h\"><img decoding=\"async\" width=\"300\" height=\"200\" src=\"https:\/\/www.stemwomen.eu\/wp-content\/uploads\/2019\/11\/ricoh.jpg\" class=\"attachment-large size-large\" alt=\"\" loading=\"lazy\" \/><\/a><\/div><\/div><\/div><div class=\"wpb_column vc_column_container\"><div class=\"vc_column-inner\"><div class=\"w-image align_center\"><a target=\"_blank\" rel=\"nofollow\" title=\"250 grados\" href=\"https:\/\/www.portodesetubal.pt\/apss\" aria-label=\"APSS-Logo-APSS\" class=\"w-image-h\"><img decoding=\"async\" width=\"750\" height=\"477\" src=\"https:\/\/www.stemwomen.eu\/wp-content\/uploads\/2023\/07\/APSS-Logo-APSS.png\" class=\"attachment-large size-large\" alt=\"\" loading=\"lazy\" srcset=\"https:\/\/www.stemwomen.eu\/wp-content\/uploads\/2023\/07\/APSS-Logo-APSS.png 750w, https:\/\/www.stemwomen.eu\/wp-content\/uploads\/2023\/07\/APSS-Logo-APSS-300x191.png 300w\" sizes=\"auto, (max-width: 750px) 100vw, 750px\" \/><\/a><\/div><\/div><\/div><div class=\"wpb_column vc_column_container\"><div class=\"vc_column-inner\"><div class=\"w-image align_center\"><a target=\"_blank\" rel=\"nofollow\" title=\"250 grados\" href=\"https:\/\/250grados.net\/\" aria-label=\"logos negre sense fons1-01\" class=\"w-image-h\"><img decoding=\"async\" width=\"555\" height=\"601\" src=\"https:\/\/www.stemwomen.eu\/wp-content\/uploads\/2022\/08\/logos-negre-sense-fons1-01.png\" class=\"attachment-large size-large\" alt=\"\" loading=\"lazy\" srcset=\"https:\/\/www.stemwomen.eu\/wp-content\/uploads\/2022\/08\/logos-negre-sense-fons1-01.png 555w, https:\/\/www.stemwomen.eu\/wp-content\/uploads\/2022\/08\/logos-negre-sense-fons1-01-277x300.png 277w\" sizes=\"auto, (max-width: 555px) 100vw, 555px\" \/><\/a><\/div><\/div><\/div><\/div><div class=\"g-cols wpb_row us_custom_7e20fa79 us_animate_this via_grid cols_4 laptops-cols_inherit tablets-cols_inherit mobiles-cols_1 valign_top type_default stacking_default\" style=\"--gap:3rem;\"><div class=\"wpb_column vc_column_container\"><div class=\"vc_column-inner\"><div class=\"w-image align_center\"><a target=\"_blank\" rel=\"nofollow\" title=\"Schneider Electric\" href=\"https:\/\/www.brisa.pt\/pt\/\" aria-label=\"Brisa Logo\" class=\"w-image-h\"><img decoding=\"async\" width=\"1024\" height=\"254\" src=\"https:\/\/www.stemwomen.eu\/wp-content\/uploads\/2023\/07\/Brisa-Logo-1024x254.png\" class=\"attachment-large size-large\" alt=\"\" loading=\"lazy\" srcset=\"https:\/\/www.stemwomen.eu\/wp-content\/uploads\/2023\/07\/Brisa-Logo-1024x254.png 1024w, https:\/\/www.stemwomen.eu\/wp-content\/uploads\/2023\/07\/Brisa-Logo-300x75.png 300w\" sizes=\"auto, (max-width: 1024px) 100vw, 1024px\" \/><\/a><\/div><\/div><\/div><div class=\"wpb_column vc_column_container\"><div class=\"vc_column-inner\"><div class=\"w-image align_center\"><a target=\"_blank\" rel=\"nofollow\" title=\"Ricoh\" href=\"https:\/\/www.portodelisboa.pt\/\" aria-label=\"Porto de Lisboa_Vertical\" class=\"w-image-h\"><img decoding=\"async\" width=\"1024\" height=\"882\" src=\"https:\/\/www.stemwomen.eu\/wp-content\/uploads\/2023\/07\/Porto-de-Lisboa_Vertical-1024x882.png\" class=\"attachment-large size-large\" alt=\"\" loading=\"lazy\" srcset=\"https:\/\/www.stemwomen.eu\/wp-content\/uploads\/2023\/07\/Porto-de-Lisboa_Vertical-1024x882.png 1024w, https:\/\/www.stemwomen.eu\/wp-content\/uploads\/2023\/07\/Porto-de-Lisboa_Vertical-300x258.png 300w, https:\/\/www.stemwomen.eu\/wp-content\/uploads\/2023\/07\/Porto-de-Lisboa_Vertical.png 1105w\" sizes=\"auto, (max-width: 1024px) 100vw, 1024px\" \/><\/a><\/div><\/div><\/div><div class=\"wpb_column vc_column_container\"><div class=\"vc_column-inner\"><div class=\"w-image align_center\"><a target=\"_blank\" rel=\"nofollow\" title=\"Ricoh\" href=\"https:\/\/www.globant.com\" aria-label=\"Globant_Logo.svg\" class=\"w-image-h\"><img decoding=\"async\" width=\"1024\" height=\"202\" src=\"https:\/\/www.stemwomen.eu\/wp-content\/uploads\/2023\/09\/Globant_Logo.svg-1024x202.png\" class=\"attachment-large size-large\" alt=\"\" loading=\"lazy\" srcset=\"https:\/\/www.stemwomen.eu\/wp-content\/uploads\/2023\/09\/Globant_Logo.svg-1024x202.png 1024w, https:\/\/www.stemwomen.eu\/wp-content\/uploads\/2023\/09\/Globant_Logo.svg-300x59.png 300w\" sizes=\"auto, (max-width: 1024px) 100vw, 1024px\" \/><\/a><\/div><\/div><\/div><div class=\"wpb_column vc_column_container\"><div class=\"vc_column-inner\"><\/div><\/div><\/div><\/div><\/div><div class=\"wpb_column vc_column_container\"><div class=\"vc_column-inner\"><div class=\"wpb_text_column us_custom_b546d638 has_text_color\"><div class=\"wpb_wrapper\"><h4><strong>COLLABORATORS<\/strong><\/h4>\n<\/div><\/div><div class=\"w-separator size_small\"><\/div><div class=\"w-grid type_grid layout_gallery_default cols_4\" id=\"us_grid_1\" style=\"--gap:1.5rem;\" data-filterable=\"true\"><style>@media (max-width:1280px){#us_grid_1 .w-grid-item{width:33.3333%}}@media (max-width:1024px){#us_grid_1 .w-grid-item{width:50%}}@media (max-width:600px){#us_grid_1 .w-grid-list{margin:0}#us_grid_1 .w-grid-item{width:100%;padding:0;margin-bottom:var(--gap,0px)}}.layout_gallery_default .w-grid-item-h{}<\/style><div class=\"w-grid-list\">\t<article class=\"w-grid-item size_1x1 post-13001 attachment type-attachment status-inherit hentry\" data-id=\"13001\">\r\n\t\t<div class=\"w-grid-item-h\">\r\n\t\t\t\t\t\t<div class=\"w-post-elm post_image usg_post_image_1 stretched\"><img loading=\"lazy\" decoding=\"async\" width=\"300\" height=\"200\" src=\"https:\/\/www.stemwomen.eu\/wp-content\/uploads\/2023\/07\/Ingenieras-en-Red-300x200-2.jpg\" class=\"attachment-large size-large\" alt=\"\" \/><\/div>\t\t<\/div>\r\n\t\t\t<\/article>\r\n<\/div><div class=\"w-grid-preloader\">\t<div class=\"g-preloader type_1\">\r\n\t\t<div><\/div>\r\n\t<\/div>\r\n\t<\/div>\t<div class=\"w-grid-json hidden\" onclick='return {&quot;action&quot;:&quot;us_ajax_grid&quot;,&quot;infinite_scroll&quot;:0,&quot;max_num_pages&quot;:1,&quot;pagination&quot;:&quot;none&quot;,&quot;template_vars&quot;:{&quot;columns&quot;:&quot;4&quot;,&quot;exclude_items&quot;:&quot;none&quot;,&quot;img_size&quot;:&quot;default&quot;,&quot;ignore_items_size&quot;:0,&quot;items_layout&quot;:&quot;gallery_default&quot;,&quot;items_offset&quot;:&quot;1&quot;,&quot;load_animation&quot;:&quot;none&quot;,&quot;overriding_link&quot;:&quot;%7B%22url%22%3A%22%22%7D&quot;,&quot;post_id&quot;:12759,&quot;query_args&quot;:{&quot;post_type&quot;:[&quot;attachment&quot;],&quot;post__in&quot;:[&quot;13001&quot;],&quot;post_status&quot;:&quot;inherit&quot;,&quot;post_mime_type&quot;:&quot;image&quot;,&quot;posts_per_page&quot;:&quot;20&quot;},&quot;orderby_query_args&quot;:{&quot;orderby&quot;:{&quot;date&quot;:&quot;DESC&quot;}},&quot;type&quot;:&quot;grid&quot;,&quot;us_grid_post_type&quot;:&quot;attachment&quot;,&quot;us_grid_ajax_index&quot;:1,&quot;us_grid_filter_query_string&quot;:null,&quot;us_grid_index&quot;:1,&quot;page_args&quot;:[],&quot;lang&quot;:&quot;en&quot;}}'><\/div>\r\n\t<\/div><\/div><\/div><\/div><\/div><\/section>\n<\/div><\/div><\/div><\/div><\/section><section class=\"l-section wpb_row height_auto width_full\"><div class=\"l-section-h i-cf\"><div class=\"g-cols vc_row via_grid cols_1 laptops-cols_inherit tablets-cols_inherit mobiles-cols_1 valign_top type_default stacking_default\"><div class=\"wpb_column vc_column_container\"><div class=\"vc_column-inner\"><section class=\"l-section wpb_row us_custom_0490361b height_auto width_full\" id=\"ponentes\"><div class=\"l-section-h i-cf\"><div class=\"g-cols vc_row via_grid cols_1 laptops-cols_inherit tablets-cols_inherit mobiles-cols_1 valign_top type_default stacking_default\"><div class=\"wpb_column vc_column_container us_custom_b7b6550f\"><div class=\"vc_column-inner\"><div class=\"wpb_text_column us_custom_40e197ad has_text_color\"><div class=\"wpb_wrapper\"><h4><strong>SPEAKERS<\/strong><\/h4>\n<\/div><\/div><div class=\"w-separator size_small\"><\/div><div class=\"w-grid us_custom_a518f36e us_animate_this type_masonry layout_8716 cols_5 overflow_hidden with_isotope with_css_animation\" id=\"us_grid_2\" style=\"--gap:0px;\" data-filterable=\"true\"><style>@media (max-width:1280px){#us_grid_2 .w-grid-item{width:33.3333%}}@media (max-width:1024px){#us_grid_2 .w-grid-item{width:50%}}@media (max-width:600px){#us_grid_2 .w-grid-item{width:50%}}.layout_8716 .w-grid-item-h{background:linear-gradient(135deg,#e95095,#32a5fc)}.layout_8716 .usg_post_image_1{transition-duration:0.3s;transform-origin:50% 50%;transform:scale(1) translate(0%,0%)}.layout_8716 .w-grid-item-h:hover .usg_post_image_1{transform:scale(1) translate(0%,0%);opacity:0.4;background:linear-gradient(135deg,#e95095,#32a5fc)!important}.layout_8716 .usg_vwrapper_1{transition-duration:0.45s;transform-origin:50% 50%;transform:scale(1) translate(0%,26%);opacity:0}.layout_8716 .w-grid-item-h:hover .usg_vwrapper_1{transform:scale(1.55) translate(0%,2%);opacity:0.6}.layout_8716 .usg_post_title_1{transition-duration:0.3s;transform-origin:50% 50%;transform:scale(1) translate(0%,0%);opacity:0}.layout_8716 .w-grid-item-h:hover .usg_post_title_1{transform:scale(1) translate(0%,0%);opacity:1}.layout_8716 .usg_post_content_1{transition-duration:0.3s;transform-origin:50% 50%;transform:scale(1) translate(0%,0%);opacity:0}.layout_8716 .w-grid-item-h:hover .usg_post_content_1{transform:scale(1) translate(0%,0%);opacity:1}.layout_8716 .usg_vwrapper_1{position:absolute!important;left:0!important;bottom:0!important;right:0!important;animation-name:afb!important;background:linear-gradient(transparent,rgba(30,30,30,0.8))!important;padding:15% 7% 6% 7%!important}.layout_8716 .usg_post_title_1{color:#ffffff!important;font-weight:700!important;font-size:15px!important;line-height:1.6!important;margin-bottom:0!important}.layout_8716 .usg_post_content_1{color:#ffffff!important;font-size:10px!important;line-height:1.6!important;margin-bottom:0!important}@media (min-width:1025px) and (max-width:1280px){.layout_8716 .usg_vwrapper_1{padding:15% 7% 6% 7%!important}.layout_8716 .usg_post_title_1{color:#ffffff!important;font-weight:700!important;font-size:15px!important;line-height:1.6!important}.layout_8716 .usg_post_content_1{color:#ffffff!important;font-size:10px!important;line-height:1.6!important}}@media (min-width:601px) and (max-width:1024px){.layout_8716 .usg_vwrapper_1{padding:15% 7% 6% 7%!important}.layout_8716 .usg_post_title_1{color:#ffffff!important;font-weight:700!important;font-size:15px!important;line-height:1.6!important}.layout_8716 .usg_post_content_1{color:#ffffff!important;font-size:10px!important;line-height:1.6!important}}@media (max-width:600px){.layout_8716 .usg_vwrapper_1{padding:15% 20% 20% 20%!important}.layout_8716 .usg_post_title_1{color:#ffffff!important;font-weight:700!important;font-size:8px!important;line-height:1.6!important}.layout_8716 .usg_post_content_1{color:#ffffff!important;font-size:6px!important;line-height:1.6!important}}<\/style><div class=\"w-grid-list\">\t<article class=\"w-grid-item size_1x1 post-13105 attachment type-attachment status-inherit hentry\" data-id=\"13105\">\r\n\t\t<div class=\"w-grid-item-h\">\r\n\t\t\t\t\t\t<div class=\"w-post-elm post_image usg_post_image_1 has_ratio\"><img loading=\"lazy\" decoding=\"async\" width=\"384\" height=\"412\" src=\"https:\/\/www.stemwomen.eu\/wp-content\/uploads\/2023\/10\/sabrina-duarte.png\" class=\"attachment-full size-full\" alt=\"\" \/><div style=\"padding-bottom:100%\"><\/div><\/div><div class=\"w-vwrapper usg_vwrapper_1 us_animate_this align_center valign_middle\"><h3 class=\"w-post-elm post_title usg_post_title_1 hide_if_not_first has_text_color entry-title color_link_inherit\">Sabrina Duarte<\/h3><div class=\"w-post-elm post_content usg_post_content_1 has_text_color\"><p>Key Account Manager at PAMAFE IT, a RICOH Company, and Ambassador in Portugal<\/p>\n<\/div><\/div>\t\t<\/div>\r\n\t\t\t<\/article>\r\n\t<article class=\"w-grid-item size_1x1 post-13102 attachment type-attachment status-inherit hentry\" data-id=\"13102\">\r\n\t\t<div class=\"w-grid-item-h\">\r\n\t\t\t\t\t\t<div class=\"w-post-elm post_image usg_post_image_1 has_ratio\"><img loading=\"lazy\" decoding=\"async\" width=\"384\" height=\"412\" src=\"https:\/\/www.stemwomen.eu\/wp-content\/uploads\/2023\/10\/mariana-tavernari.png\" class=\"attachment-full size-full\" alt=\"\" \/><div style=\"padding-bottom:100%\"><\/div><\/div><div class=\"w-vwrapper usg_vwrapper_1 us_animate_this align_center valign_middle\"><h3 class=\"w-post-elm post_title usg_post_title_1 hide_if_not_first has_text_color entry-title color_link_inherit\">Mariana Tavernari<\/h3><div class=\"w-post-elm post_content usg_post_content_1 has_text_color\"><p>Research &#038; Strategy at Globant and STEM Ambassador in Portugal<\/p>\n<\/div><\/div>\t\t<\/div>\r\n\t\t\t<\/article>\r\n\t<article class=\"w-grid-item size_1x1 post-13099 attachment type-attachment status-inherit hentry\" data-id=\"13099\">\r\n\t\t<div class=\"w-grid-item-h\">\r\n\t\t\t\t\t\t<div class=\"w-post-elm post_image usg_post_image_1 has_ratio\"><img loading=\"lazy\" decoding=\"async\" width=\"384\" height=\"412\" src=\"https:\/\/www.stemwomen.eu\/wp-content\/uploads\/2023\/10\/stela-suils.png\" class=\"attachment-full size-full\" alt=\"\" \/><div style=\"padding-bottom:100%\"><\/div><\/div><div class=\"w-vwrapper usg_vwrapper_1 us_animate_this align_center valign_middle\"><h3 class=\"w-post-elm post_title usg_post_title_1 hide_if_not_first has_text_color entry-title color_link_inherit\">Stela Suils Cuesta<\/h3><div class=\"w-post-elm post_content usg_post_content_1 has_text_color\"><p>Founder and DEI Practitioner of Diversitude and STEM Ambassador in Portugal<\/p>\n<\/div><\/div>\t\t<\/div>\r\n\t\t\t<\/article>\r\n\t<article class=\"w-grid-item size_1x1 post-13032 attachment type-attachment status-inherit hentry\" data-id=\"13032\">\r\n\t\t<div class=\"w-grid-item-h\">\r\n\t\t\t\t\t\t<div class=\"w-post-elm post_image usg_post_image_1 has_ratio\"><img loading=\"lazy\" decoding=\"async\" width=\"384\" height=\"412\" src=\"https:\/\/www.stemwomen.eu\/wp-content\/uploads\/2023\/10\/sonia-rodrigues.jpg\" class=\"attachment-full size-full\" alt=\"Key Account Management Pamafe, Ricoh Company\" \/><div style=\"padding-bottom:100%\"><\/div><\/div><div class=\"w-vwrapper usg_vwrapper_1 us_animate_this align_center valign_middle\"><h3 class=\"w-post-elm post_title usg_post_title_1 hide_if_not_first has_text_color entry-title color_link_inherit\">S\u00f3nia Rodrigues<\/h3><div class=\"w-post-elm post_content usg_post_content_1 has_text_color\"><p>Key Account Management Pamafe, Ricoh Company<\/p>\n<\/div><\/div>\t\t<\/div>\r\n\t\t\t<\/article>\r\n\t<article class=\"w-grid-item size_1x1 post-12990 attachment type-attachment status-inherit hentry\" data-id=\"12990\">\r\n\t\t<div class=\"w-grid-item-h\">\r\n\t\t\t\t\t\t<div class=\"w-post-elm post_image usg_post_image_1 has_ratio\"><img loading=\"lazy\" decoding=\"async\" width=\"384\" height=\"412\" src=\"https:\/\/www.stemwomen.eu\/wp-content\/uploads\/2023\/09\/Rosa-de_Oliveira.jpg\" class=\"attachment-full size-full\" alt=\"\" \/><div style=\"padding-bottom:100%\"><\/div><\/div><div class=\"w-vwrapper usg_vwrapper_1 us_animate_this align_center valign_middle\"><h3 class=\"w-post-elm post_title usg_post_title_1 hide_if_not_first has_text_color entry-title color_link_inherit\">Rosa de Oliveira<\/h3><div class=\"w-post-elm post_content usg_post_content_1 has_text_color\"><p>Journalist<\/p>\n<\/div><\/div>\t\t<\/div>\r\n\t\t\t<\/article>\r\n\t<article class=\"w-grid-item size_1x1 post-12960 attachment type-attachment status-inherit hentry\" data-id=\"12960\">\r\n\t\t<div class=\"w-grid-item-h\">\r\n\t\t\t\t\t\t<div class=\"w-post-elm post_image usg_post_image_1 has_ratio\"><img loading=\"lazy\" decoding=\"async\" width=\"384\" height=\"412\" src=\"https:\/\/www.stemwomen.eu\/wp-content\/uploads\/2023\/09\/Victor_Moure.jpg\" class=\"attachment-full size-full\" alt=\"\" \/><div style=\"padding-bottom:100%\"><\/div><\/div><div class=\"w-vwrapper usg_vwrapper_1 us_animate_this align_center valign_middle\"><h3 class=\"w-post-elm post_title usg_post_title_1 hide_if_not_first has_text_color entry-title color_link_inherit\">Victor Moure<\/h3><div class=\"w-post-elm post_content usg_post_content_1 has_text_color\"><p>Country Manager Schneider Electric<\/p>\n<\/div><\/div>\t\t<\/div>\r\n\t\t\t<\/article>\r\n\t<article class=\"w-grid-item size_1x1 post-12957 attachment type-attachment status-inherit hentry\" data-id=\"12957\">\r\n\t\t<div class=\"w-grid-item-h\">\r\n\t\t\t\t\t\t<div class=\"w-post-elm post_image usg_post_image_1 has_ratio\"><img loading=\"lazy\" decoding=\"async\" width=\"384\" height=\"412\" src=\"https:\/\/www.stemwomen.eu\/wp-content\/uploads\/2023\/09\/Filipa_Rocha.jpg\" class=\"attachment-full size-full\" alt=\"\" \/><div style=\"padding-bottom:100%\"><\/div><\/div><div class=\"w-vwrapper usg_vwrapper_1 us_animate_this align_center valign_middle\"><h3 class=\"w-post-elm post_title usg_post_title_1 hide_if_not_first has_text_color entry-title color_link_inherit\">Filipa Rocha<\/h3><div class=\"w-post-elm post_content usg_post_content_1 has_text_color\"><p>Young Inventor Award, European Patent Office<\/p>\n<\/div><\/div>\t\t<\/div>\r\n\t\t\t<\/article>\r\n\t<article class=\"w-grid-item size_1x1 post-12951 attachment type-attachment status-inherit hentry\" data-id=\"12951\">\r\n\t\t<div class=\"w-grid-item-h\">\r\n\t\t\t\t\t\t<div class=\"w-post-elm post_image usg_post_image_1 has_ratio\"><img loading=\"lazy\" decoding=\"async\" width=\"384\" height=\"412\" src=\"https:\/\/www.stemwomen.eu\/wp-content\/uploads\/2023\/09\/Isabel-Moura-Ramos.jpg\" class=\"attachment-full size-full\" alt=\"\" \/><div style=\"padding-bottom:100%\"><\/div><\/div><div class=\"w-vwrapper usg_vwrapper_1 us_animate_this align_center valign_middle\"><h3 class=\"w-post-elm post_title usg_post_title_1 hide_if_not_first has_text_color entry-title color_link_inherit\">Isabel Moura Ramos<\/h3><div class=\"w-post-elm post_content usg_post_content_1 has_text_color\"><p>Executive Board Member Porto de Lisboa e Set\u00fabal<\/p>\n<\/div><\/div>\t\t<\/div>\r\n\t\t\t<\/article>\r\n\t<article class=\"w-grid-item size_1x1 post-12945 attachment type-attachment status-inherit hentry\" data-id=\"12945\">\r\n\t\t<div class=\"w-grid-item-h\">\r\n\t\t\t\t\t\t<div class=\"w-post-elm post_image usg_post_image_1 has_ratio\"><img loading=\"lazy\" decoding=\"async\" width=\"384\" height=\"412\" src=\"https:\/\/www.stemwomen.eu\/wp-content\/uploads\/2023\/09\/Liliana-Domingues.jpg\" class=\"attachment-full size-full\" alt=\"\" \/><div style=\"padding-bottom:100%\"><\/div><\/div><div class=\"w-vwrapper usg_vwrapper_1 us_animate_this align_center valign_middle\"><h3 class=\"w-post-elm post_title usg_post_title_1 hide_if_not_first has_text_color entry-title color_link_inherit\">Liliana Domingues<\/h3><div class=\"w-post-elm post_content usg_post_content_1 has_text_color\"><p>General Manager SWC Portugal<\/p>\n<\/div><\/div>\t\t<\/div>\r\n\t\t\t<\/article>\r\n\t<article class=\"w-grid-item size_1x1 post-12938 attachment type-attachment status-inherit hentry\" data-id=\"12938\">\r\n\t\t<div class=\"w-grid-item-h\">\r\n\t\t\t\t\t\t<div class=\"w-post-elm post_image usg_post_image_1 has_ratio\"><img loading=\"lazy\" decoding=\"async\" width=\"384\" height=\"412\" src=\"https:\/\/www.stemwomen.eu\/wp-content\/uploads\/2023\/09\/Sara-Falca\u0303o.jpg\" class=\"attachment-full size-full\" alt=\"\" \/><div style=\"padding-bottom:100%\"><\/div><\/div><div class=\"w-vwrapper usg_vwrapper_1 us_animate_this align_center valign_middle\"><h3 class=\"w-post-elm post_title usg_post_title_1 hide_if_not_first has_text_color entry-title color_link_inherit\">Sara Falca\u0303o<\/h3><div class=\"w-post-elm post_content usg_post_content_1 has_text_color\"><p>ISEG (Instituto Superior de Economia e Gest\u00e3o da Universidade de Lisboa)<\/p>\n<\/div><\/div>\t\t<\/div>\r\n\t\t\t<\/article>\r\n\t<article class=\"w-grid-item size_1x1 post-12926 attachment type-attachment status-inherit hentry\" data-id=\"12926\">\r\n\t\t<div class=\"w-grid-item-h\">\r\n\t\t\t\t\t\t<div class=\"w-post-elm post_image usg_post_image_1 has_ratio\"><img loading=\"lazy\" decoding=\"async\" width=\"384\" height=\"412\" src=\"https:\/\/www.stemwomen.eu\/wp-content\/uploads\/2023\/07\/Ines-Rodrigues-300x300-1.jpg\" class=\"attachment-full size-full\" alt=\"\" \/><div style=\"padding-bottom:100%\"><\/div><\/div><div class=\"w-vwrapper usg_vwrapper_1 us_animate_this align_center valign_middle\"><h3 class=\"w-post-elm post_title usg_post_title_1 hide_if_not_first has_text_color entry-title color_link_inherit\">Ines Rodrigues<\/h3><div class=\"w-post-elm post_content usg_post_content_1 has_text_color\"><p>Country Business Developer at Schneider Electric Portugal<\/p>\n<\/div><\/div>\t\t<\/div>\r\n\t\t\t<\/article>\r\n\t<article class=\"w-grid-item size_1x1 post-12917 attachment type-attachment status-inherit hentry\" data-id=\"12917\">\r\n\t\t<div class=\"w-grid-item-h\">\r\n\t\t\t\t\t\t<div class=\"w-post-elm post_image usg_post_image_1 has_ratio\"><img loading=\"lazy\" decoding=\"async\" width=\"300\" height=\"300\" src=\"https:\/\/www.stemwomen.eu\/wp-content\/uploads\/2023\/09\/eva-diaz-bn.jpg\" class=\"attachment-full size-full\" alt=\"\" \/><div style=\"padding-bottom:100%\"><\/div><\/div><div class=\"w-vwrapper usg_vwrapper_1 us_animate_this align_center valign_middle\"><h3 class=\"w-post-elm post_title usg_post_title_1 hide_if_not_first has_text_color entry-title color_link_inherit\">Eva D\u00edaz<\/h3><div class=\"w-post-elm post_content usg_post_content_1 has_text_color\"><p>CEO STEM Women Congress\u200b<\/p>\n<\/div><\/div>\t\t<\/div>\r\n\t\t\t<\/article>\r\n\t<article class=\"w-grid-item size_1x1 post-12901 attachment type-attachment status-inherit hentry\" data-id=\"12901\">\r\n\t\t<div class=\"w-grid-item-h\">\r\n\t\t\t\t\t\t<div class=\"w-post-elm post_image usg_post_image_1 has_ratio\"><img loading=\"lazy\" decoding=\"async\" width=\"384\" height=\"412\" src=\"https:\/\/www.stemwomen.eu\/wp-content\/uploads\/2023\/07\/KAROLINA-KORTH-copia.jpg\" class=\"attachment-full size-full\" alt=\"\" \/><div style=\"padding-bottom:100%\"><\/div><\/div><div class=\"w-vwrapper usg_vwrapper_1 us_animate_this align_center valign_middle\"><h3 class=\"w-post-elm post_title usg_post_title_1 hide_if_not_first has_text_color entry-title color_link_inherit\">Karolina Korth<\/h3><div class=\"w-post-elm post_content usg_post_content_1 has_text_color\"><p>Head of Regions at Siemens Mobility Software Business Unit<\/p>\n<\/div><\/div>\t\t<\/div>\r\n\t\t\t<\/article>\r\n\t<article class=\"w-grid-item size_1x1 post-12012 attachment type-attachment status-inherit hentry\" data-id=\"12012\">\r\n\t\t<div class=\"w-grid-item-h\">\r\n\t\t\t\t\t\t<div class=\"w-post-elm post_image usg_post_image_1 has_ratio\"><img loading=\"lazy\" decoding=\"async\" width=\"384\" height=\"412\" src=\"https:\/\/www.stemwomen.eu\/wp-content\/uploads\/2023\/05\/Celiana-Carreno.jpg\" class=\"attachment-full size-full\" alt=\"\" \/><div style=\"padding-bottom:100%\"><\/div><\/div><div class=\"w-vwrapper usg_vwrapper_1 us_animate_this align_center valign_middle\"><h3 class=\"w-post-elm post_title usg_post_title_1 hide_if_not_first has_text_color entry-title color_link_inherit\">Celiana Carre\u00f1o<\/h3><div class=\"w-post-elm post_content usg_post_content_1 has_text_color\"><p>VP de Tecnolog\u00eda &#038; Head of Product Europe<\/p>\n<\/div><\/div>\t\t<\/div>\r\n\t\t\t<\/article>\r\n\t<article class=\"w-grid-item size_1x1 post-11351 attachment type-attachment status-inherit hentry\" data-id=\"11351\">\r\n\t\t<div class=\"w-grid-item-h\">\r\n\t\t\t\t\t\t<div class=\"w-post-elm post_image usg_post_image_1 has_ratio\"><img loading=\"lazy\" decoding=\"async\" width=\"384\" height=\"412\" src=\"https:\/\/www.stemwomen.eu\/wp-content\/uploads\/2022\/11\/Miriam-Barajas.jpg\" class=\"attachment-full size-full\" alt=\"\" \/><div style=\"padding-bottom:100%\"><\/div><\/div><div class=\"w-vwrapper usg_vwrapper_1 us_animate_this align_center valign_middle\"><h3 class=\"w-post-elm post_title usg_post_title_1 hide_if_not_first has_text_color entry-title color_link_inherit\">Miriam Barajas<\/h3><div class=\"w-post-elm post_content usg_post_content_1 has_text_color\"><p>Solutions Analyst, SWC Ambassador Madrid<\/p>\n<\/div><\/div>\t\t<\/div>\r\n\t\t\t<\/article>\r\n\t<article class=\"w-grid-item size_1x1 post-11313 attachment type-attachment status-inherit hentry\" data-id=\"11313\">\r\n\t\t<div class=\"w-grid-item-h\">\r\n\t\t\t\t\t\t<div class=\"w-post-elm post_image usg_post_image_1 has_ratio\"><img loading=\"lazy\" decoding=\"async\" width=\"384\" height=\"412\" src=\"https:\/\/www.stemwomen.eu\/wp-content\/uploads\/2022\/09\/Mar-Porras.jpg\" class=\"attachment-full size-full\" alt=\"\" \/><div style=\"padding-bottom:100%\"><\/div><\/div><div class=\"w-vwrapper usg_vwrapper_1 us_animate_this align_center valign_middle\"><h3 class=\"w-post-elm post_title usg_post_title_1 hide_if_not_first has_text_color entry-title color_link_inherit\">Mar Porras<\/h3><div class=\"w-post-elm post_content usg_post_content_1 has_text_color\"><p>Directora e impulsora del \u00c1mbito de Carrera Profesional del SWC \/ Marketing Manager Ricoh<\/p>\n<\/div><\/div>\t\t<\/div>\r\n\t\t\t<\/article>\r\n\t<article class=\"w-grid-item size_1x1 post-11308 attachment type-attachment status-inherit hentry\" data-id=\"11308\">\r\n\t\t<div class=\"w-grid-item-h\">\r\n\t\t\t\t\t\t<div class=\"w-post-elm post_image usg_post_image_1 has_ratio\"><img loading=\"lazy\" decoding=\"async\" width=\"384\" height=\"412\" src=\"https:\/\/www.stemwomen.eu\/wp-content\/uploads\/2022\/09\/carol-romay.jpg\" class=\"attachment-full size-full\" alt=\"\" \/><div style=\"padding-bottom:100%\"><\/div><\/div><div class=\"w-vwrapper usg_vwrapper_1 us_animate_this align_center valign_middle\"><h3 class=\"w-post-elm post_title usg_post_title_1 hide_if_not_first has_text_color entry-title color_link_inherit\">Carol Romay<\/h3><div class=\"w-post-elm post_content usg_post_content_1 has_text_color\"><p>Global President of<br \/>\nSTEM Volunteer &#038; Freelance consultant<\/p>\n<\/div><\/div>\t\t<\/div>\r\n\t\t\t<\/article>\r\n\t<article class=\"w-grid-item size_1x1 post-6947 attachment type-attachment status-inherit hentry\" data-id=\"6947\">\r\n\t\t<div class=\"w-grid-item-h\">\r\n\t\t\t\t\t\t<div class=\"w-post-elm post_image usg_post_image_1 has_ratio\"><img loading=\"lazy\" decoding=\"async\" width=\"384\" height=\"412\" src=\"https:\/\/www.stemwomen.eu\/wp-content\/uploads\/2020\/10\/susanna-cabos_web.jpg\" class=\"attachment-full size-full\" alt=\"\" \/><div style=\"padding-bottom:100%\"><\/div><\/div><div class=\"w-vwrapper usg_vwrapper_1 us_animate_this align_center valign_middle\"><h3 class=\"w-post-elm post_title usg_post_title_1 hide_if_not_first has_text_color entry-title color_link_inherit\">susanna-cabos_web<\/h3><div class=\"w-post-elm post_content usg_post_content_1 has_text_color\"><p>Global Project Quality Director SCHNEIDER ELECTRIC<\/p>\n<\/div><\/div>\t\t<\/div>\r\n\t\t\t<\/article>\r\n<\/div><div class=\"w-grid-preloader\">\t<div class=\"g-preloader type_1\">\r\n\t\t<div><\/div>\r\n\t<\/div>\r\n\t<\/div>\t<div class=\"w-grid-json hidden\" onclick='return {&quot;action&quot;:&quot;us_ajax_grid&quot;,&quot;infinite_scroll&quot;:0,&quot;max_num_pages&quot;:1,&quot;pagination&quot;:&quot;none&quot;,&quot;template_vars&quot;:{&quot;columns&quot;:&quot;5&quot;,&quot;exclude_items&quot;:&quot;none&quot;,&quot;img_size&quot;:&quot;default&quot;,&quot;ignore_items_size&quot;:0,&quot;items_layout&quot;:&quot;8716&quot;,&quot;items_offset&quot;:&quot;1&quot;,&quot;load_animation&quot;:&quot;none&quot;,&quot;overriding_link&quot;:&quot;%7B%22url%22%3A%22%22%7D&quot;,&quot;post_id&quot;:12765,&quot;query_args&quot;:{&quot;post_type&quot;:[&quot;attachment&quot;],&quot;post__in&quot;:[&quot;6946&quot;,&quot;9708&quot;,&quot;9731&quot;,&quot;9917&quot;,&quot;12012&quot;,&quot;12901&quot;,&quot;12917&quot;,&quot;12926&quot;,&quot;12938&quot;,&quot;12945&quot;,&quot;12951&quot;,&quot;12957&quot;,&quot;12960&quot;,&quot;12990&quot;,&quot;13032&quot;,&quot;13099&quot;,&quot;13105&quot;,&quot;13102&quot;],&quot;post_status&quot;:&quot;inherit&quot;,&quot;post_mime_type&quot;:&quot;image&quot;,&quot;posts_per_page&quot;:&quot;80&quot;},&quot;orderby_query_args&quot;:{&quot;orderby&quot;:{&quot;date&quot;:&quot;DESC&quot;}},&quot;type&quot;:&quot;masonry&quot;,&quot;us_grid_post_type&quot;:&quot;attachment&quot;,&quot;us_grid_ajax_index&quot;:1,&quot;us_grid_filter_query_string&quot;:null,&quot;us_grid_index&quot;:2,&quot;page_args&quot;:[],&quot;lang&quot;:&quot;en&quot;}}'><\/div>\r\n\t<\/div><\/div><\/div><\/div><\/div><\/section>\n<\/div><\/div><\/div><\/div><\/section><section class=\"l-section wpb_row us_custom_0d15be52 height_medium width_full\" id=\"embajadoras\"><div class=\"l-section-h i-cf\"><div class=\"g-cols vc_row via_grid cols_1 laptops-cols_inherit tablets-cols_inherit mobiles-cols_1 valign_top type_default stacking_default\"><div class=\"wpb_column vc_column_container\"><div class=\"vc_column-inner\"><div class=\"g-cols wpb_row via_grid cols_1-2-1 laptops-cols_inherit tablets-cols_inherit mobiles-cols_1 valign_top type_default stacking_default\" style=\"--gap:3rem;\"><div class=\"wpb_column vc_column_container\"><div class=\"vc_column-inner\"><\/div><\/div><div class=\"wpb_column vc_column_container\"><div class=\"vc_column-inner\"><div class=\"wpb_text_column us_custom_2aff5242\"><div class=\"wpb_wrapper\"><h2 style=\"text-align: center;\"><strong>Technical Advisory Board of Women Scientists<\/strong><\/h2>\n<\/div><\/div><div class=\"wpb_text_column\"><div class=\"wpb_wrapper\"><p style=\"text-align: center;\">The Technical Advisory Board provides advice and assistance on strategic issues for the development of the STEM Women Congress in Portugal.<\/p>\n<\/div><\/div><div class=\"w-separator size_medium\"><\/div><\/div><\/div><div class=\"wpb_column vc_column_container\"><div class=\"vc_column-inner\"><\/div><\/div><\/div><div class=\"g-cols wpb_row hide_on_tablets hide_on_mobiles via_grid cols_1 laptops-cols_inherit tablets-cols_inherit mobiles-cols_1 valign_middle type_default stacking_default\" style=\"--gap:3rem;\" id=\"ordenador\"><div class=\"wpb_column vc_column_container\"><div class=\"vc_column-inner\"><div class=\"w-hwrapper valign_middle align_center\" style=\"--hwrapper-gap:0.3rem\"><div class=\"w-person us_custom_ad0f428d layout_modern with_desc\" itemscope itemtype=\"https:\/\/schema.org\/Person\"><div class=\"w-person-image\"><img loading=\"lazy\" decoding=\"async\" width=\"500\" height=\"500\" src=\"https:\/\/www.stemwomen.eu\/wp-content\/uploads\/2023\/10\/ana-costa.png\" class=\"attachment-large size-large\" alt=\"\" itemprop=\"image\" srcset=\"https:\/\/www.stemwomen.eu\/wp-content\/uploads\/2023\/10\/ana-costa.png 500w, https:\/\/www.stemwomen.eu\/wp-content\/uploads\/2023\/10\/ana-costa-300x300.png 300w, https:\/\/www.stemwomen.eu\/wp-content\/uploads\/2023\/10\/ana-costa-150x150.png 150w\" sizes=\"auto, (max-width: 500px) 100vw, 500px\" \/><\/div><div class=\"w-person-content\"><h4 itemprop=\"name\" class=\"w-person-name\"><span>Prof. Ana Costa Freitas<\/span><\/h4><div class=\"w-person-role\" itemprop=\"jobTitle\">Portugal<\/div><div class=\"w-person-description\" itemprop=\"description\"><p>President of the Board of AMONET \u2013 Portuguese Association of Women Scientists<\/p>\n<\/div><\/div><\/div><div class=\"w-person us_custom_ad0f428d layout_modern with_desc with_socials\" itemscope itemtype=\"https:\/\/schema.org\/Person\"><div class=\"w-person-image\"><img loading=\"lazy\" decoding=\"async\" width=\"500\" height=\"500\" src=\"https:\/\/www.stemwomen.eu\/wp-content\/uploads\/2023\/10\/claudia-cavadas.png\" class=\"attachment-large size-large\" alt=\"\" itemprop=\"image\" srcset=\"https:\/\/www.stemwomen.eu\/wp-content\/uploads\/2023\/10\/claudia-cavadas.png 500w, https:\/\/www.stemwomen.eu\/wp-content\/uploads\/2023\/10\/claudia-cavadas-300x300.png 300w, https:\/\/www.stemwomen.eu\/wp-content\/uploads\/2023\/10\/claudia-cavadas-150x150.png 150w\" sizes=\"auto, (max-width: 500px) 100vw, 500px\" \/><\/div><div class=\"w-person-content\"><h4 itemprop=\"name\" class=\"w-person-name\"><span>Prof. Cla\u00fadia Cavadas<\/span><\/h4><div class=\"w-person-role\" itemprop=\"jobTitle\">Portugal<\/div><div class=\"w-person-links\"><div class=\"w-person-links-list\"><a href=\"https:\/\/www.linkedin.com\/in\/claudiacavadas\/\" target=\"_blank\" rel=\"nofollow\" class=\"w-person-links-item type_linkedin\" title=\"LinkedIn\"><i class=\"fab fa-linkedin\"><\/i><\/a><\/div><\/div><div class=\"w-person-description\" itemprop=\"description\"><p>Associate Professor at the University of Coimbra, Faculty of Pharmacy<\/p>\n<\/div><\/div><\/div><div class=\"w-person us_custom_ad0f428d layout_modern with_desc\" itemscope itemtype=\"https:\/\/schema.org\/Person\"><div class=\"w-person-image\"><img loading=\"lazy\" decoding=\"async\" width=\"500\" height=\"500\" src=\"https:\/\/www.stemwomen.eu\/wp-content\/uploads\/2023\/10\/lucia-martinelli.png\" class=\"attachment-large size-large\" alt=\"\" itemprop=\"image\" srcset=\"https:\/\/www.stemwomen.eu\/wp-content\/uploads\/2023\/10\/lucia-martinelli.png 500w, https:\/\/www.stemwomen.eu\/wp-content\/uploads\/2023\/10\/lucia-martinelli-300x300.png 300w, https:\/\/www.stemwomen.eu\/wp-content\/uploads\/2023\/10\/lucia-martinelli-150x150.png 150w\" sizes=\"auto, (max-width: 500px) 100vw, 500px\" \/><\/div><div class=\"w-person-content\"><h4 itemprop=\"name\" class=\"w-person-name\"><span>Prof. Lucia Martinelli<\/span><\/h4><div class=\"w-person-role\" itemprop=\"jobTitle\">Portugal<\/div><div class=\"w-person-description\" itemprop=\"description\"><p>President of EPWS \u2013 European Platform of Women Scientists<\/p>\n<\/div><\/div><\/div><\/div><div class=\"w-separator size_custom\" style=\"height:5px\"><\/div><div class=\"w-hwrapper valign_middle align_center\" style=\"--hwrapper-gap:0.3rem\"><div class=\"w-person us_custom_ad0f428d layout_modern with_desc with_socials\" itemscope itemtype=\"https:\/\/schema.org\/Person\"><div class=\"w-person-image\"><img loading=\"lazy\" decoding=\"async\" width=\"500\" height=\"500\" src=\"https:\/\/www.stemwomen.eu\/wp-content\/uploads\/2023\/10\/Rita-Moura.jpg\" class=\"attachment-large size-large\" alt=\"\" itemprop=\"image\" srcset=\"https:\/\/www.stemwomen.eu\/wp-content\/uploads\/2023\/10\/Rita-Moura.jpg 500w, https:\/\/www.stemwomen.eu\/wp-content\/uploads\/2023\/10\/Rita-Moura-300x300.jpg 300w, https:\/\/www.stemwomen.eu\/wp-content\/uploads\/2023\/10\/Rita-Moura-150x150.jpg 150w\" sizes=\"auto, (max-width: 500px) 100vw, 500px\" \/><\/div><div class=\"w-person-content\"><h4 itemprop=\"name\" class=\"w-person-name\"><span>Eng. Rita Moura<\/span><\/h4><div class=\"w-person-role\" itemprop=\"jobTitle\">Portugal<\/div><div class=\"w-person-links\"><div class=\"w-person-links-list\"><a href=\"https:\/\/www.linkedin.com\/in\/rita-moura-5a418715b\/\" target=\"_blank\" rel=\"nofollow\" class=\"w-person-links-item type_linkedin\" title=\"LinkedIn\"><i class=\"fab fa-linkedin\"><\/i><\/a><\/div><\/div><div class=\"w-person-description\" itemprop=\"description\"><p>Vice-president of the Order of Engineers &#8211; southern region | Director of Innovation at Teixeira Duarte<\/p>\n<\/div><\/div><\/div><div class=\"w-person us_custom_ad0f428d layout_modern with_desc with_socials\" itemscope itemtype=\"https:\/\/schema.org\/Person\"><div class=\"w-person-image\"><img loading=\"lazy\" decoding=\"async\" width=\"500\" height=\"500\" src=\"https:\/\/www.stemwomen.eu\/wp-content\/uploads\/2023\/10\/Rosa-Monteiro.jpg\" class=\"attachment-large size-large\" alt=\"\" itemprop=\"image\" srcset=\"https:\/\/www.stemwomen.eu\/wp-content\/uploads\/2023\/10\/Rosa-Monteiro.jpg 500w, https:\/\/www.stemwomen.eu\/wp-content\/uploads\/2023\/10\/Rosa-Monteiro-300x300.jpg 300w, https:\/\/www.stemwomen.eu\/wp-content\/uploads\/2023\/10\/Rosa-Monteiro-150x150.jpg 150w\" sizes=\"auto, (max-width: 500px) 100vw, 500px\" \/><\/div><div class=\"w-person-content\"><h4 itemprop=\"name\" class=\"w-person-name\"><span>Prof. Dr. Rosa Monteiro<\/span><\/h4><div class=\"w-person-role\" itemprop=\"jobTitle\">Portugal<\/div><div class=\"w-person-links\"><div class=\"w-person-links-list\"><a href=\"https:\/\/www.facebook.com\/rosa.monteiro.10\" target=\"_blank\" rel=\"nofollow\" class=\"w-person-links-item type_facebook\" title=\"Facebook\"><i class=\"fab fa-facebook\"><\/i><\/a><a href=\"https:\/\/www.linkedin.com\/in\/rosa-monteiro-34124654\/\" target=\"_blank\" rel=\"nofollow\" class=\"w-person-links-item type_linkedin\" title=\"LinkedIn\"><i class=\"fab fa-linkedin\"><\/i><\/a><\/div><\/div><div class=\"w-person-description\" itemprop=\"description\"><p>Professor at the University of Coimbra | Former Secretary of State for Citizenship and Equality in the Portuguese Republic<\/p>\n<\/div><\/div><\/div><\/div><div class=\"w-separator size_custom\" style=\"height:5px\"><\/div><\/div><\/div><\/div><\/div><\/div><\/div><\/div><\/section><section class=\"l-section wpb_row us_custom_4edece6e height_auto width_full\"><div class=\"l-section-h i-cf\"><div class=\"g-cols vc_row via_grid cols_1 laptops-cols_inherit tablets-cols_inherit mobiles-cols_1 valign_middle type_default stacking_default\" style=\"--gap:0rem;\"><div class=\"wpb_column vc_column_container\"><div class=\"vc_column-inner\"><div class=\"w-html\"><iframe src=\"https:\/\/www.google.com\/maps\/embed?pb=!1m18!1m12!1m3!1d3113.346310747607!2d-9.158091088380834!3d38.70985735763023!2m3!1f0!2f0!3f0!3m2!1i1024!2i768!4f13.1!3m3!1m2!1s0xd193482eacf9153%3A0x746959be9a9a0a26!2sInstituto%20Superior%20de%20Econom%C3%ADa%20y%20Gesti%C3%B3n!5e0!3m2!1ses!2ses!4v1689167498432!5m2!1ses!2ses\" width=\"2000\" height=\"600\" style=\"border:0;\" allowfullscreen=\"\" loading=\"lazy\" referrerpolicy=\"no-referrer-when-downgrade\"><\/iframe><\/div><\/div><\/div><\/div><\/div><\/section>\n","protected":false},"excerpt":{"rendered":"","protected":false},"author":1,"featured_media":12615,"parent":0,"menu_order":0,"comment_status":"closed","ping_status":"closed","template":"","meta":{"_acf_changed":false,"footnotes":""},"class_list":["post-12736","page","type-page","status-publish","has-post-thumbnail","hentry"],"acf":[],"yoast_head":"<!-- This site is optimized with the Yoast SEO plugin v24.3 - https:\/\/yoast.com\/wordpress\/plugins\/seo\/ -->\n<title>STEM Women Congress Lisboa - Congreso anual en Portugal<\/title>\n<meta name=\"description\" content=\"STEM Women Congress aterriza en Lisboa para conocer las iniciativas locales que tienen como objetivo inspirar vocaciones STEM.\" \/>\n<meta name=\"robots\" content=\"index, follow, max-snippet:-1, max-image-preview:large, max-video-preview:-1\" \/>\n<link rel=\"canonical\" href=\"https:\/\/www.stemwomen.eu\/en\/lisboa\/\" \/>\n<meta property=\"og:locale\" content=\"en_US\" \/>\n<meta property=\"og:type\" content=\"article\" \/>\n<meta property=\"og:title\" content=\"STEM Women Congress Lisboa - Congreso anual en Portugal\" \/>\n<meta property=\"og:description\" content=\"STEM Women Congress aterriza en Lisboa para conocer las iniciativas locales que tienen como objetivo inspirar vocaciones STEM.\" \/>\n<meta property=\"og:url\" content=\"https:\/\/www.stemwomen.eu\/en\/lisboa\/\" \/>\n<meta property=\"og:site_name\" content=\"StemWomen\" \/>\n<meta property=\"article:modified_time\" content=\"2023-10-18T07:59:09+00:00\" \/>\n<meta property=\"og:image\" content=\"https:\/\/www.stemwomen.eu\/wp-content\/uploads\/2023\/07\/imatge-lisboa-scaled.jpg\" \/>\n\t<meta property=\"og:image:width\" content=\"2560\" \/>\n\t<meta property=\"og:image:height\" content=\"1280\" \/>\n\t<meta property=\"og:image:type\" content=\"image\/jpeg\" \/>\n<meta name=\"twitter:card\" content=\"summary_large_image\" \/>\n<meta name=\"twitter:site\" content=\"@StemwomenEurope\" \/>\n<meta name=\"twitter:label1\" content=\"Est. reading time\" \/>\n\t<meta name=\"twitter:data1\" content=\"4 minutes\" \/>\n<script type=\"application\/ld+json\" class=\"yoast-schema-graph\">{\"@context\":\"https:\/\/schema.org\",\"@graph\":[{\"@type\":\"WebPage\",\"@id\":\"https:\/\/www.stemwomen.eu\/en\/lisboa\/\",\"url\":\"https:\/\/www.stemwomen.eu\/en\/lisboa\/\",\"name\":\"STEM Women Congress Lisboa - Congreso anual en Portugal\",\"isPartOf\":{\"@id\":\"https:\/\/www.stemwomen.eu\/en\/#website\"},\"primaryImageOfPage\":{\"@id\":\"https:\/\/www.stemwomen.eu\/en\/lisboa\/#primaryimage\"},\"image\":{\"@id\":\"https:\/\/www.stemwomen.eu\/en\/lisboa\/#primaryimage\"},\"thumbnailUrl\":\"https:\/\/www.stemwomen.eu\/wp-content\/uploads\/2023\/07\/imatge-lisboa-scaled.jpg\",\"datePublished\":\"2023-03-23T16:55:33+00:00\",\"dateModified\":\"2023-10-18T07:59:09+00:00\",\"description\":\"STEM Women Congress aterriza en Lisboa para conocer las iniciativas locales que tienen como objetivo inspirar vocaciones STEM.\",\"breadcrumb\":{\"@id\":\"https:\/\/www.stemwomen.eu\/en\/lisboa\/#breadcrumb\"},\"inLanguage\":\"en-US\",\"potentialAction\":[{\"@type\":\"ReadAction\",\"target\":[\"https:\/\/www.stemwomen.eu\/en\/lisboa\/\"]}]},{\"@type\":\"ImageObject\",\"inLanguage\":\"en-US\",\"@id\":\"https:\/\/www.stemwomen.eu\/en\/lisboa\/#primaryimage\",\"url\":\"https:\/\/www.stemwomen.eu\/wp-content\/uploads\/2023\/07\/imatge-lisboa-scaled.jpg\",\"contentUrl\":\"https:\/\/www.stemwomen.eu\/wp-content\/uploads\/2023\/07\/imatge-lisboa-scaled.jpg\",\"width\":2560,\"height\":1280},{\"@type\":\"BreadcrumbList\",\"@id\":\"https:\/\/www.stemwomen.eu\/en\/lisboa\/#breadcrumb\",\"itemListElement\":[{\"@type\":\"ListItem\",\"position\":1,\"name\":\"Portada\",\"item\":\"https:\/\/www.stemwomen.eu\/en\/\"},{\"@type\":\"ListItem\",\"position\":2,\"name\":\"Lisboa\"}]},{\"@type\":\"WebSite\",\"@id\":\"https:\/\/www.stemwomen.eu\/en\/#website\",\"url\":\"https:\/\/www.stemwomen.eu\/en\/\",\"name\":\"StemWomen\",\"description\":\"Crear oportunidades a trav\u00e9s de la ciencia\",\"publisher\":{\"@id\":\"https:\/\/www.stemwomen.eu\/en\/#organization\"},\"potentialAction\":[{\"@type\":\"SearchAction\",\"target\":{\"@type\":\"EntryPoint\",\"urlTemplate\":\"https:\/\/www.stemwomen.eu\/en\/?s={search_term_string}\"},\"query-input\":{\"@type\":\"PropertyValueSpecification\",\"valueRequired\":true,\"valueName\":\"search_term_string\"}}],\"inLanguage\":\"en-US\"},{\"@type\":\"Organization\",\"@id\":\"https:\/\/www.stemwomen.eu\/en\/#organization\",\"name\":\"STEM Women Congress\",\"url\":\"https:\/\/www.stemwomen.eu\/en\/\",\"logo\":{\"@type\":\"ImageObject\",\"inLanguage\":\"en-US\",\"@id\":\"https:\/\/www.stemwomen.eu\/en\/#\/schema\/logo\/image\/\",\"url\":\"https:\/\/stemwomen.eu\/wp-content\/uploads\/2019\/08\/Mesa-de-trabajo-2@120x-8.png\",\"contentUrl\":\"https:\/\/stemwomen.eu\/wp-content\/uploads\/2019\/08\/Mesa-de-trabajo-2@120x-8.png\",\"width\":1388,\"height\":343,\"caption\":\"STEM Women Congress\"},\"image\":{\"@id\":\"https:\/\/www.stemwomen.eu\/en\/#\/schema\/logo\/image\/\"},\"sameAs\":[\"https:\/\/x.com\/StemwomenEurope\"]}]}<\/script>\n<!-- \/ Yoast SEO plugin. -->","yoast_head_json":{"title":"STEM Women Congress Lisboa - Congreso anual en Portugal","description":"STEM Women Congress aterriza en Lisboa para conocer las iniciativas locales que tienen como objetivo inspirar vocaciones STEM.","robots":{"index":"index","follow":"follow","max-snippet":"max-snippet:-1","max-image-preview":"max-image-preview:large","max-video-preview":"max-video-preview:-1"},"canonical":"https:\/\/www.stemwomen.eu\/en\/lisboa\/","og_locale":"en_US","og_type":"article","og_title":"STEM Women Congress Lisboa - Congreso anual en Portugal","og_description":"STEM Women Congress aterriza en Lisboa para conocer las iniciativas locales que tienen como objetivo inspirar vocaciones STEM.","og_url":"https:\/\/www.stemwomen.eu\/en\/lisboa\/","og_site_name":"StemWomen","article_modified_time":"2023-10-18T07:59:09+00:00","og_image":[{"width":2560,"height":1280,"url":"https:\/\/www.stemwomen.eu\/wp-content\/uploads\/2023\/07\/imatge-lisboa-scaled.jpg","type":"image\/jpeg"}],"twitter_card":"summary_large_image","twitter_site":"@StemwomenEurope","twitter_misc":{"Est. reading time":"4 minutes"},"schema":{"@context":"https:\/\/schema.org","@graph":[{"@type":"WebPage","@id":"https:\/\/www.stemwomen.eu\/en\/lisboa\/","url":"https:\/\/www.stemwomen.eu\/en\/lisboa\/","name":"STEM Women Congress Lisboa - Congreso anual en Portugal","isPartOf":{"@id":"https:\/\/www.stemwomen.eu\/en\/#website"},"primaryImageOfPage":{"@id":"https:\/\/www.stemwomen.eu\/en\/lisboa\/#primaryimage"},"image":{"@id":"https:\/\/www.stemwomen.eu\/en\/lisboa\/#primaryimage"},"thumbnailUrl":"https:\/\/www.stemwomen.eu\/wp-content\/uploads\/2023\/07\/imatge-lisboa-scaled.jpg","datePublished":"2023-03-23T16:55:33+00:00","dateModified":"2023-10-18T07:59:09+00:00","description":"STEM Women Congress aterriza en Lisboa para conocer las iniciativas locales que tienen como objetivo inspirar vocaciones STEM.","breadcrumb":{"@id":"https:\/\/www.stemwomen.eu\/en\/lisboa\/#breadcrumb"},"inLanguage":"en-US","potentialAction":[{"@type":"ReadAction","target":["https:\/\/www.stemwomen.eu\/en\/lisboa\/"]}]},{"@type":"ImageObject","inLanguage":"en-US","@id":"https:\/\/www.stemwomen.eu\/en\/lisboa\/#primaryimage","url":"https:\/\/www.stemwomen.eu\/wp-content\/uploads\/2023\/07\/imatge-lisboa-scaled.jpg","contentUrl":"https:\/\/www.stemwomen.eu\/wp-content\/uploads\/2023\/07\/imatge-lisboa-scaled.jpg","width":2560,"height":1280},{"@type":"BreadcrumbList","@id":"https:\/\/www.stemwomen.eu\/en\/lisboa\/#breadcrumb","itemListElement":[{"@type":"ListItem","position":1,"name":"Portada","item":"https:\/\/www.stemwomen.eu\/en\/"},{"@type":"ListItem","position":2,"name":"Lisboa"}]},{"@type":"WebSite","@id":"https:\/\/www.stemwomen.eu\/en\/#website","url":"https:\/\/www.stemwomen.eu\/en\/","name":"StemWomen","description":"Crear oportunidades a trav\u00e9s de la ciencia","publisher":{"@id":"https:\/\/www.stemwomen.eu\/en\/#organization"},"potentialAction":[{"@type":"SearchAction","target":{"@type":"EntryPoint","urlTemplate":"https:\/\/www.stemwomen.eu\/en\/?s={search_term_string}"},"query-input":{"@type":"PropertyValueSpecification","valueRequired":true,"valueName":"search_term_string"}}],"inLanguage":"en-US"},{"@type":"Organization","@id":"https:\/\/www.stemwomen.eu\/en\/#organization","name":"STEM Women Congress","url":"https:\/\/www.stemwomen.eu\/en\/","logo":{"@type":"ImageObject","inLanguage":"en-US","@id":"https:\/\/www.stemwomen.eu\/en\/#\/schema\/logo\/image\/","url":"https:\/\/stemwomen.eu\/wp-content\/uploads\/2019\/08\/Mesa-de-trabajo-2@120x-8.png","contentUrl":"https:\/\/stemwomen.eu\/wp-content\/uploads\/2019\/08\/Mesa-de-trabajo-2@120x-8.png","width":1388,"height":343,"caption":"STEM Women Congress"},"image":{"@id":"https:\/\/www.stemwomen.eu\/en\/#\/schema\/logo\/image\/"},"sameAs":["https:\/\/x.com\/StemwomenEurope"]}]}},"_links":{"self":[{"href":"https:\/\/www.stemwomen.eu\/en\/wp-json\/wp\/v2\/pages\/12736","targetHints":{"allow":["GET"]}}],"collection":[{"href":"https:\/\/www.stemwomen.eu\/en\/wp-json\/wp\/v2\/pages"}],"about":[{"href":"https:\/\/www.stemwomen.eu\/en\/wp-json\/wp\/v2\/types\/page"}],"author":[{"embeddable":true,"href":"https:\/\/www.stemwomen.eu\/en\/wp-json\/wp\/v2\/users\/1"}],"replies":[{"embeddable":true,"href":"https:\/\/www.stemwomen.eu\/en\/wp-json\/wp\/v2\/comments?post=12736"}],"version-history":[{"count":12,"href":"https:\/\/www.stemwomen.eu\/en\/wp-json\/wp\/v2\/pages\/12736\/revisions"}],"predecessor-version":[{"id":13277,"href":"https:\/\/www.stemwomen.eu\/en\/wp-json\/wp\/v2\/pages\/12736\/revisions\/13277"}],"wp:featuredmedia":[{"embeddable":true,"href":"https:\/\/www.stemwomen.eu\/en\/wp-json\/wp\/v2\/media\/12615"}],"wp:attachment":[{"href":"https:\/\/www.stemwomen.eu\/en\/wp-json\/wp\/v2\/media?parent=12736"}],"curies":[{"name":"wp","href":"https:\/\/api.w.org\/{rel}","templated":true}]}}