{"id":15403,"date":"2026-02-27T15:15:04","date_gmt":"2026-02-27T15:15:04","guid":{"rendered":"https:\/\/www.stemwomen.eu\/congresos-espana\/"},"modified":"2026-03-02T07:30:31","modified_gmt":"2026-03-02T07:30:31","slug":"congresos-espana","status":"publish","type":"page","link":"https:\/\/www.stemwomen.eu\/ca\/congresos-espana\/","title":{"rendered":"Congresos ediciones"},"content":{"rendered":"<section class=\"l-section wpb_row height_medium\"><div class=\"l-section-h i-cf\"><div class=\"g-cols vc_row via_grid cols_1 laptops-cols_inherit tablets-cols_inherit mobiles-cols_1 valign_top type_default stacking_default\"><div class=\"wpb_column vc_column_container\"><div class=\"vc_column-inner\"><div class=\"wpb_text_column\"><div class=\"wpb_wrapper\"><h1><strong>STEM Women Congress<\/strong><\/h1>\n<h3>Totes les edicions de Barcelona i Madrid<\/h3>\n<\/div><\/div><div class=\"w-separator size_medium\"><\/div><div class=\"w-grid us_post_list type_grid layout_8826 cols_3 overflow_hidden\" id=\"us_post_list_l41f\" style=\"--gap:1.5rem;\" data-filterable=\"true\"><style>@media (max-width:1024px){#us_post_list_l41f .w-grid-item{width:50%}}@media (max-width:600px){#us_post_list_l41f .w-grid-list{margin:0}#us_post_list_l41f .w-grid-item{width:100%;padding:0;margin-bottom:var(--gap,0px)}}.layout_8826 .w-grid-item-h{}@media(max-width:599px){.layout_8826 .usg_post_date_1{display:none!important}}.layout_8826 .usg_post_image_1{width:50%!important}.layout_8826 .usg_vwrapper_1{width:50%!important;margin-right:0!important}.layout_8826 .usg_hwrapper_2{margin-bottom:0!important}.layout_8826 .usg_post_taxonomy_1{font-size:14px!important;line-height:1.4!important;font-weight:700!important;text-transform:uppercase!important;margin-right:0.8rem!important}.layout_8826 .usg_post_date_1{color:var(--color-content-faded)!important;font-size:14px!important;line-height:1.4!important}.layout_8826 .usg_post_title_1{color:var(--color-content-heading)!important;font-size:1.4rem!important;line-height:1.2!important;margin-bottom:0!important;margin-right:-35%!important;padding-top:1rem!important;padding-bottom:1rem!important;padding-right:1.2rem!important;background:var(--color-content-bg)!important}.layout_8826 .usg_post_content_1{color:#fa2db2!important;font-weight:700!important;text-transform:uppercase!important}@media (max-width:600px){.layout_8826 .usg_post_title_1{font-size:1.2rem!important;margin-right:0!important;padding-bottom:0!important}}<\/style><div class=\"w-grid-list\">\t<article class=\"w-grid-item size_1x1 post-15394 post type-post status-publish format-standard has-post-thumbnail hentry category-blog-ca category-congreso-ca\" data-id=\"15394\">\r\n\t\t<div class=\"w-grid-item-h\">\r\n\t\t\t\t\t\t<div class=\"w-hwrapper usg_hwrapper_1 align_none valign_top\"><div class=\"w-vwrapper usg_vwrapper_1 align_none valign_top\"><div class=\"w-hwrapper usg_hwrapper_2 align_none valign_top wrap\"><div class=\"w-post-elm post_taxonomy usg_post_taxonomy_1 style_simple\"><a class=\"term-807 term-blog-ca\" href=\"https:\/\/www.stemwomen.eu\/ca\/category\/blog-ca\/\">Blog<\/a><b>, <\/b><a class=\"term-806 term-congreso-ca\" href=\"https:\/\/www.stemwomen.eu\/ca\/category\/congreso-ca\/\">congreso<\/a><\/div><time class=\"w-post-elm post_date usg_post_date_1 has_text_color entry-date published\" datetime=\"2019-11-22T13:02:08+00:00\" title=\"22 novembre 2019 a les 13:02:08 +00:00\">novembre 22, 2019<\/time><\/div><h2 class=\"w-post-elm post_title usg_post_title_1 has_text_color entry-title color_link_inherit\"><a href=\"https:\/\/www.stemwomen.eu\/ca\/el-stem-women-congress-reune-mas-de-200-mujeres-para-crear-el-primer-plan-de-accion-conjunto\/\">El STEM Women Congress reuneix m\u00e9s de 200 dones per crear el primer pla d\u2019acci\u00f3 conjunt<\/a><\/h2><\/div><div class=\"w-post-elm post_image usg_post_image_1 has_width has_ratio\"><a href=\"https:\/\/www.stemwomen.eu\/ca\/el-stem-women-congress-reune-mas-de-200-mujeres-para-crear-el-primer-plan-de-accion-conjunto\/\" aria-label=\"El STEM Women Congress reuneix m\u00e9s de 200 dones per crear el primer pla d\u2019acci\u00f3 conjunt\"><img loading=\"lazy\" decoding=\"async\" width=\"2560\" height=\"1751\" src=\"https:\/\/www.stemwomen.eu\/wp-content\/uploads\/2019\/11\/STEM12-scaled.jpg\" class=\"attachment-full size-full wp-post-image\" alt=\"\" \/><\/a><div style=\"padding-bottom:133.3333%\"><\/div><\/div><\/div>\t\t<\/div>\r\n\t\t\t<\/article>\r\n\t<article class=\"w-grid-item size_1x1 post-15384 post type-post status-publish format-standard has-post-thumbnail hentry category-blog-ca category-congreso-ca tag-estereotipos-de-genero-ca tag-estudios-stem-ca tag-stem-women-awards-ca tag-stem-women-congress-ca tag-swc-ca\" data-id=\"15384\">\r\n\t\t<div class=\"w-grid-item-h\">\r\n\t\t\t\t\t\t<div class=\"w-hwrapper usg_hwrapper_1 align_none valign_top\"><div class=\"w-vwrapper usg_vwrapper_1 align_none valign_top\"><div class=\"w-hwrapper usg_hwrapper_2 align_none valign_top wrap\"><div class=\"w-post-elm post_taxonomy usg_post_taxonomy_1 style_simple\"><a class=\"term-807 term-blog-ca\" href=\"https:\/\/www.stemwomen.eu\/ca\/category\/blog-ca\/\">Blog<\/a><b>, <\/b><a class=\"term-806 term-congreso-ca\" href=\"https:\/\/www.stemwomen.eu\/ca\/category\/congreso-ca\/\">congreso<\/a><\/div><time class=\"w-post-elm post_date usg_post_date_1 has_text_color entry-date published\" datetime=\"2020-11-18T11:08:09+00:00\" title=\"18 novembre 2020 a les 11:08:09 +00:00\">novembre 18, 2020<\/time><\/div><h2 class=\"w-post-elm post_title usg_post_title_1 has_text_color entry-title color_link_inherit\"><a href=\"https:\/\/www.stemwomen.eu\/ca\/el-stem-women-congress-torna-a-ser-un-exit-en-la-seva-2a-edicioel-stem-women-congress-vuelve-a-ser-un-exito-en-su-2a-edicion\/\">El STEM Women Congress torna a ser un \u00e8xit en la seva 2a edici\u00f3<\/a><\/h2><\/div><div class=\"w-post-elm post_image usg_post_image_1 has_width has_ratio\"><a href=\"https:\/\/www.stemwomen.eu\/ca\/el-stem-women-congress-torna-a-ser-un-exit-en-la-seva-2a-edicioel-stem-women-congress-vuelve-a-ser-un-exito-en-su-2a-edicion\/\" aria-label=\"El STEM Women Congress torna a ser un \u00e8xit en la seva 2a edici\u00f3\"><img loading=\"lazy\" decoding=\"async\" width=\"800\" height=\"544\" src=\"https:\/\/www.stemwomen.eu\/wp-content\/uploads\/2020\/11\/89A3956.jpg\" class=\"attachment-full size-full wp-post-image\" alt=\"\" \/><\/a><div style=\"padding-bottom:133.3333%\"><\/div><\/div><\/div>\t\t<\/div>\r\n\t\t\t<\/article>\r\n\t<article class=\"w-grid-item size_1x1 post-15376 post type-post status-publish format-standard has-post-thumbnail hentry category-congreso-ca\" data-id=\"15376\">\r\n\t\t<div class=\"w-grid-item-h\">\r\n\t\t\t\t\t\t<div class=\"w-hwrapper usg_hwrapper_1 align_none valign_top\"><div class=\"w-vwrapper usg_vwrapper_1 align_none valign_top\"><div class=\"w-hwrapper usg_hwrapper_2 align_none valign_top wrap\"><div class=\"w-post-elm post_taxonomy usg_post_taxonomy_1 style_simple\"><a class=\"term-806 term-congreso-ca\" href=\"https:\/\/www.stemwomen.eu\/ca\/category\/congreso-ca\/\">congreso<\/a><\/div><time class=\"w-post-elm post_date usg_post_date_1 has_text_color entry-date published\" datetime=\"2021-11-20T15:59:24+00:00\" title=\"20 novembre 2021 a les 15:59:24 +00:00\">novembre 20, 2021<\/time><\/div><h2 class=\"w-post-elm post_title usg_post_title_1 has_text_color entry-title color_link_inherit\"><a href=\"https:\/\/www.stemwomen.eu\/ca\/les-iniciatives-stem-nomes-impacten-l1-de-la-poblacio-total-dentre-1-i-16-anys-segons-revela-lannual-reportstem-initiatives-impact-only-1-of-the-total-population-between-th\/\">Les iniciatives STEM nom\u00e9s impacten l\u20191% de la poblaci\u00f3 total d\u2019entre 1 i 16 anys, segons revela l\u2019Annual Report<\/a><\/h2><\/div><div class=\"w-post-elm post_image usg_post_image_1 has_width has_ratio\"><a href=\"https:\/\/www.stemwomen.eu\/ca\/les-iniciatives-stem-nomes-impacten-l1-de-la-poblacio-total-dentre-1-i-16-anys-segons-revela-lannual-reportstem-initiatives-impact-only-1-of-the-total-population-between-th\/\" aria-label=\"Les iniciatives STEM nom\u00e9s impacten l\u20191% de la poblaci\u00f3 total d\u2019entre 1 i 16 anys, segons revela l\u2019Annual Report\"><img loading=\"lazy\" decoding=\"async\" width=\"800\" height=\"533\" src=\"https:\/\/www.stemwomen.eu\/wp-content\/uploads\/2026\/02\/I1A3765.jpg\" class=\"attachment-full size-full wp-post-image\" alt=\"\" \/><\/a><div style=\"padding-bottom:133.3333%\"><\/div><\/div><\/div>\t\t<\/div>\r\n\t\t\t<\/article>\r\n\t<article class=\"w-grid-item size_1x1 post-15367 post type-post status-publish format-standard has-post-thumbnail hentry category-congreso-ca\" data-id=\"15367\">\r\n\t\t<div class=\"w-grid-item-h\">\r\n\t\t\t\t\t\t<div class=\"w-hwrapper usg_hwrapper_1 align_none valign_top\"><div class=\"w-vwrapper usg_vwrapper_1 align_none valign_top\"><div class=\"w-hwrapper usg_hwrapper_2 align_none valign_top wrap\"><div class=\"w-post-elm post_taxonomy usg_post_taxonomy_1 style_simple\"><a class=\"term-806 term-congreso-ca\" href=\"https:\/\/www.stemwomen.eu\/ca\/category\/congreso-ca\/\">congreso<\/a><\/div><time class=\"w-post-elm post_date usg_post_date_1 has_text_color entry-date published\" datetime=\"2022-11-23T15:34:55+00:00\" title=\"23 novembre 2022 a les 15:34:55 +00:00\">novembre 23, 2022<\/time><\/div><h2 class=\"w-post-elm post_title usg_post_title_1 has_text_color entry-title color_link_inherit\"><a href=\"https:\/\/www.stemwomen.eu\/ca\/the-swc-fills-the-cosmocaixa-auditorium-in-barcelona-to-reivindicate-the-female-presence-in-the-fields-of-stem\/\">El SWC omple l\u2019auditori del CosmoCaixa de Barcelona per reivindicar la pres\u00e8ncia femenina en els \u00e0mbits STEM<\/a><\/h2><\/div><div class=\"w-post-elm post_image usg_post_image_1 has_width has_ratio\"><a href=\"https:\/\/www.stemwomen.eu\/ca\/the-swc-fills-the-cosmocaixa-auditorium-in-barcelona-to-reivindicate-the-female-presence-in-the-fields-of-stem\/\" aria-label=\"El SWC omple l\u2019auditori del CosmoCaixa de Barcelona per reivindicar la pres\u00e8ncia femenina en els \u00e0mbits STEM\"><img loading=\"lazy\" decoding=\"async\" width=\"800\" height=\"533\" src=\"https:\/\/www.stemwomen.eu\/wp-content\/uploads\/2026\/02\/R9A2848.jpg\" class=\"attachment-full size-full wp-post-image\" alt=\"\" \/><\/a><div style=\"padding-bottom:133.3333%\"><\/div><\/div><\/div>\t\t<\/div>\r\n\t\t\t<\/article>\r\n\t<article class=\"w-grid-item size_1x1 post-15361 post type-post status-publish format-standard has-post-thumbnail hentry category-congreso-ca\" data-id=\"15361\">\r\n\t\t<div class=\"w-grid-item-h\">\r\n\t\t\t\t\t\t<div class=\"w-hwrapper usg_hwrapper_1 align_none valign_top\"><div class=\"w-vwrapper usg_vwrapper_1 align_none valign_top\"><div class=\"w-hwrapper usg_hwrapper_2 align_none valign_top wrap\"><div class=\"w-post-elm post_taxonomy usg_post_taxonomy_1 style_simple\"><a class=\"term-806 term-congreso-ca\" href=\"https:\/\/www.stemwomen.eu\/ca\/category\/congreso-ca\/\">congreso<\/a><\/div><time class=\"w-post-elm post_date usg_post_date_1 has_text_color entry-date published\" datetime=\"2023-11-27T15:40:35+00:00\" title=\"27 novembre 2023 a les 15:40:35 +00:00\">novembre 27, 2023<\/time><\/div><h2 class=\"w-post-elm post_title usg_post_title_1 has_text_color entry-title color_link_inherit\"><a href=\"https:\/\/www.stemwomen.eu\/ca\/exit-del-stem-women-congress-en-la-seva-cinquena-edicio-a-barcelonasuccess-of-the-stem-women-congress-in-its-fifth-edition-in-barcelona\/\">\u00c8xit del STEM WOMEN CONGRESS en la seva cinquena edici\u00f3 a Barcelona<\/a><\/h2><\/div><div class=\"w-post-elm post_image usg_post_image_1 has_width has_ratio\"><a href=\"https:\/\/www.stemwomen.eu\/ca\/exit-del-stem-women-congress-en-la-seva-cinquena-edicio-a-barcelonasuccess-of-the-stem-women-congress-in-its-fifth-edition-in-barcelona\/\" aria-label=\"\u00c8xit del STEM WOMEN CONGRESS en la seva cinquena edici\u00f3 a Barcelona\"><img loading=\"lazy\" decoding=\"async\" width=\"800\" height=\"533\" src=\"https:\/\/www.stemwomen.eu\/wp-content\/uploads\/2026\/02\/guanyadora-23-bcn2.jpg\" class=\"attachment-full size-full wp-post-image\" alt=\"\" \/><\/a><div style=\"padding-bottom:133.3333%\"><\/div><\/div><\/div>\t\t<\/div>\r\n\t\t\t<\/article>\r\n\t<article class=\"w-grid-item size_1x1 post-15357 post type-post status-publish format-standard has-post-thumbnail hentry category-congreso-ca\" data-id=\"15357\">\r\n\t\t<div class=\"w-grid-item-h\">\r\n\t\t\t\t\t\t<div class=\"w-hwrapper usg_hwrapper_1 align_none valign_top\"><div class=\"w-vwrapper usg_vwrapper_1 align_none valign_top\"><div class=\"w-hwrapper usg_hwrapper_2 align_none valign_top wrap\"><div class=\"w-post-elm post_taxonomy usg_post_taxonomy_1 style_simple\"><a class=\"term-806 term-congreso-ca\" href=\"https:\/\/www.stemwomen.eu\/ca\/category\/congreso-ca\/\">congreso<\/a><\/div><time class=\"w-post-elm post_date usg_post_date_1 has_text_color entry-date published\" datetime=\"2024-05-10T16:07:11+00:00\" title=\"10 maig 2024 a les 16:07:11 +00:00\">maig 10, 2024<\/time><\/div><h2 class=\"w-post-elm post_title usg_post_title_1 has_text_color entry-title color_link_inherit\"><a href=\"https:\/\/www.stemwomen.eu\/ca\/exit-del-stem-women-congress-en-la-seva-segona-edicio-a-madrid\/\">\u00c8xit del STEM WOMEN CONGRESS en la seva segona edici\u00f3 a Madrid<\/a><\/h2><\/div><div class=\"w-post-elm post_image usg_post_image_1 has_width has_ratio\"><a href=\"https:\/\/www.stemwomen.eu\/ca\/exit-del-stem-women-congress-en-la-seva-segona-edicio-a-madrid\/\" aria-label=\"\u00c8xit del STEM WOMEN CONGRESS en la seva segona edici\u00f3 a Madrid\"><img loading=\"lazy\" decoding=\"async\" width=\"2048\" height=\"1365\" src=\"https:\/\/www.stemwomen.eu\/wp-content\/uploads\/2026\/02\/53717626246_486d5ad8fd_k.jpg\" class=\"attachment-full size-full wp-post-image\" alt=\"\" \/><\/a><div style=\"padding-bottom:133.3333%\"><\/div><\/div><\/div>\t\t<\/div>\r\n\t\t\t<\/article>\r\n\t<article class=\"w-grid-item size_1x1 post-15352 post type-post status-publish format-standard has-post-thumbnail hentry category-congreso-ca\" data-id=\"15352\">\r\n\t\t<div class=\"w-grid-item-h\">\r\n\t\t\t\t\t\t<div class=\"w-hwrapper usg_hwrapper_1 align_none valign_top\"><div class=\"w-vwrapper usg_vwrapper_1 align_none valign_top\"><div class=\"w-hwrapper usg_hwrapper_2 align_none valign_top wrap\"><div class=\"w-post-elm post_taxonomy usg_post_taxonomy_1 style_simple\"><a class=\"term-806 term-congreso-ca\" href=\"https:\/\/www.stemwomen.eu\/ca\/category\/congreso-ca\/\">congreso<\/a><\/div><time class=\"w-post-elm post_date usg_post_date_1 has_text_color entry-date published\" datetime=\"2024-11-27T15:48:21+00:00\" title=\"27 novembre 2024 a les 15:48:21 +00:00\">novembre 27, 2024<\/time><\/div><h2 class=\"w-post-elm post_title usg_post_title_1 has_text_color entry-title color_link_inherit\"><a href=\"https:\/\/www.stemwomen.eu\/ca\/el-swc-celebra-la-seva-6a-edicio-a-barcelona-amb-un-focus-especial-en-leducacio-infantil\/\">El SWC celebra la seva 6a edici\u00f3 a Barcelona amb un focus especial en l\u2019educaci\u00f3 infantil<\/a><\/h2><\/div><div class=\"w-post-elm post_image usg_post_image_1 has_width has_ratio\"><a href=\"https:\/\/www.stemwomen.eu\/ca\/el-swc-celebra-la-seva-6a-edicio-a-barcelona-amb-un-focus-especial-en-leducacio-infantil\/\" aria-label=\"El SWC celebra la seva 6a edici\u00f3 a Barcelona amb un focus especial en l\u2019educaci\u00f3 infantil\"><img loading=\"lazy\" decoding=\"async\" width=\"1024\" height=\"683\" src=\"https:\/\/www.stemwomen.eu\/wp-content\/uploads\/2026\/02\/WEB_NOTICIA-15.png\" class=\"attachment-full size-full wp-post-image\" alt=\"\" \/><\/a><div style=\"padding-bottom:133.3333%\"><\/div><\/div><\/div>\t\t<\/div>\r\n\t\t\t<\/article>\r\n\t<article class=\"w-grid-item size_1x1 post-15346 post type-post status-publish format-standard has-post-thumbnail hentry category-congreso-ca\" data-id=\"15346\">\r\n\t\t<div class=\"w-grid-item-h\">\r\n\t\t\t\t\t\t<div class=\"w-hwrapper usg_hwrapper_1 align_none valign_top\"><div class=\"w-vwrapper usg_vwrapper_1 align_none valign_top\"><div class=\"w-hwrapper usg_hwrapper_2 align_none valign_top wrap\"><div class=\"w-post-elm post_taxonomy usg_post_taxonomy_1 style_simple\"><a class=\"term-806 term-congreso-ca\" href=\"https:\/\/www.stemwomen.eu\/ca\/category\/congreso-ca\/\">congreso<\/a><\/div><time class=\"w-post-elm post_date usg_post_date_1 has_text_color entry-date published\" datetime=\"2025-05-27T16:03:06+00:00\" title=\"27 maig 2025 a les 16:03:06 +00:00\">maig 27, 2025<\/time><\/div><h2 class=\"w-post-elm post_title usg_post_title_1 has_text_color entry-title color_link_inherit\"><a href=\"https:\/\/www.stemwomen.eu\/ca\/stem-women-congress-celebra-la-seva-tercera-edicio-a-madridstem-women-congress-celebrates-its-third-edition-in-madrid\/\">STEM WOMEN CONGRESS celebra la seva tercera edici\u00f3 a Madrid<\/a><\/h2><\/div><div class=\"w-post-elm post_image usg_post_image_1 has_width has_ratio\"><a href=\"https:\/\/www.stemwomen.eu\/ca\/stem-women-congress-celebra-la-seva-tercera-edicio-a-madridstem-women-congress-celebrates-its-third-edition-in-madrid\/\" aria-label=\"STEM WOMEN CONGRESS celebra la seva tercera edici\u00f3 a Madrid\"><img loading=\"lazy\" decoding=\"async\" width=\"1600\" height=\"1066\" src=\"https:\/\/www.stemwomen.eu\/wp-content\/uploads\/2026\/02\/madrid-2025.jpeg\" class=\"attachment-full size-full wp-post-image\" alt=\"\" \/><\/a><div style=\"padding-bottom:133.3333%\"><\/div><\/div><\/div>\t\t<\/div>\r\n\t\t\t<\/article>\r\n\t<article class=\"w-grid-item size_1x1 post-15341 post type-post status-publish format-standard has-post-thumbnail hentry category-congreso-ca\" data-id=\"15341\">\r\n\t\t<div class=\"w-grid-item-h\">\r\n\t\t\t\t\t\t<div class=\"w-hwrapper usg_hwrapper_1 align_none valign_top\"><div class=\"w-vwrapper usg_vwrapper_1 align_none valign_top\"><div class=\"w-hwrapper usg_hwrapper_2 align_none valign_top wrap\"><div class=\"w-post-elm post_taxonomy usg_post_taxonomy_1 style_simple\"><a class=\"term-806 term-congreso-ca\" href=\"https:\/\/www.stemwomen.eu\/ca\/category\/congreso-ca\/\">congreso<\/a><\/div><time class=\"w-post-elm post_date usg_post_date_1 has_text_color entry-date published\" datetime=\"2025-11-27T15:51:23+00:00\" title=\"27 novembre 2025 a les 15:51:23 +00:00\">novembre 27, 2025<\/time><\/div><h2 class=\"w-post-elm post_title usg_post_title_1 has_text_color entry-title color_link_inherit\"><a href=\"https:\/\/www.stemwomen.eu\/ca\/barcelona-impulsa-la-igualtat-en-ciencia-i-tecnologia-amb-el-stem-women-congress-global-2025\/\">Barcelona impulsa la igualtat en ci\u00e8ncia i tecnologia amb el STEM Women Congress Global 2025<\/a><\/h2><\/div><div class=\"w-post-elm post_image usg_post_image_1 has_width has_ratio\"><a href=\"https:\/\/www.stemwomen.eu\/ca\/barcelona-impulsa-la-igualtat-en-ciencia-i-tecnologia-amb-el-stem-women-congress-global-2025\/\" aria-label=\"Barcelona impulsa la igualtat en ci\u00e8ncia i tecnologia amb el STEM Women Congress Global 2025\"><img loading=\"lazy\" decoding=\"async\" width=\"2560\" height=\"1703\" src=\"https:\/\/www.stemwomen.eu\/wp-content\/uploads\/2026\/02\/STEM-WOMEN-GLOBAL-CONGRESS_25-12-scaled-1.jpg\" class=\"attachment-full size-full wp-post-image\" alt=\"\" \/><\/a><div style=\"padding-bottom:133.3333%\"><\/div><\/div><\/div>\t\t<\/div>\r\n\t\t\t<\/article>\r\n<\/div><div class=\"g-loadmore hidden\"><div class=\"g-preloader type_1\"><div><\/div><\/div><\/div><div class=\"w-grid-list-json hidden\" onclick='return {&quot;max_num_pages&quot;:0,&quot;pagination&quot;:&quot;none&quot;,&quot;paged&quot;:1,&quot;ajaxData&quot;:{&quot;_nonce&quot;:&quot;a33d6fd442&quot;,&quot;action&quot;:&quot;us_ajax_post_list&quot;,&quot;template_vars&quot;:{&quot;paged&quot;:1,&quot;max_num_pages&quot;:0,&quot;no_results&quot;:false,&quot;source&quot;:&quot;all&quot;,&quot;custom_field_name&quot;:&quot;&quot;,&quot;ids&quot;:&quot;&quot;,&quot;post_type&quot;:&quot;post&quot;,&quot;post_author&quot;:&quot;any&quot;,&quot;post_author_ids&quot;:&quot;&quot;,&quot;exclude_children&quot;:0,&quot;exclude_current_post&quot;:1,&quot;exclude_prev_posts&quot;:0,&quot;apply_url_params&quot;:0,&quot;tax_query_relation&quot;:&quot;AND&quot;,&quot;tax_query&quot;:&quot;%5B%7B%22operator%22%3A%22IN%22%2C%22taxonomy%22%3A%22category%22%2C%22terms%22%3A%22805%22%2C%22include_children%22%3A%221%22%7D%5D&quot;,&quot;meta_query_relation&quot;:&quot;none&quot;,&quot;meta_query&quot;:[{&quot;key&quot;:&quot;custom_field_name&quot;,&quot;compare&quot;:&quot;=&quot;,&quot;value&quot;:&quot;&quot;}],&quot;orderby&quot;:&quot;date&quot;,&quot;orderby_custom_field&quot;:&quot;&quot;,&quot;orderby_custom_type&quot;:0,&quot;order_invert&quot;:0,&quot;show_all&quot;:&quot;1&quot;,&quot;quantity&quot;:&quot;12&quot;,&quot;no_items_action&quot;:&quot;message&quot;,&quot;no_items_message&quot;:&quot;No s&#039;ha trobat cap resultat.&quot;,&quot;no_items_page_block&quot;:&quot;&quot;,&quot;pagination&quot;:&quot;none&quot;,&quot;pagination_style&quot;:&quot;&quot;,&quot;pagination_btn_text&quot;:&quot;Load More&quot;,&quot;pagination_btn_size&quot;:&quot;&quot;,&quot;pagination_btn_style&quot;:&quot;1&quot;,&quot;pagination_btn_fullwidth&quot;:0,&quot;items_layout&quot;:&quot;8826&quot;,&quot;type&quot;:&quot;grid&quot;,&quot;items_valign&quot;:0,&quot;ignore_items_size&quot;:0,&quot;load_animation&quot;:&quot;none&quot;,&quot;columns&quot;:&quot;3&quot;,&quot;items_gap&quot;:&quot;1.5rem&quot;,&quot;img_size&quot;:&quot;default&quot;,&quot;title_size&quot;:&quot;&quot;,&quot;items_ratio&quot;:&quot;default&quot;,&quot;items_ratio_width&quot;:&quot;21&quot;,&quot;items_ratio_height&quot;:&quot;9&quot;,&quot;overriding_link&quot;:&quot;%7B%22url%22%3A%22%22%7D&quot;,&quot;popup_width&quot;:&quot;&quot;,&quot;popup_arrows&quot;:1,&quot;breakpoint_1_width&quot;:&quot;1281px&quot;,&quot;breakpoint_1_cols&quot;:&quot;default&quot;,&quot;breakpoint_1_gap&quot;:&quot;&quot;,&quot;breakpoint_2_width&quot;:&quot;1025px&quot;,&quot;breakpoint_2_cols&quot;:&quot;2&quot;,&quot;breakpoint_2_gap&quot;:&quot;&quot;,&quot;breakpoint_3_width&quot;:&quot;601px&quot;,&quot;breakpoint_3_cols&quot;:&quot;1&quot;,&quot;breakpoint_3_gap&quot;:&quot;&quot;,&quot;conditions_operator&quot;:&quot;always&quot;,&quot;conditions&quot;:[],&quot;css&quot;:null,&quot;el_class&quot;:&quot;&quot;,&quot;el_id&quot;:&quot;&quot;,&quot;enable_custom_html_atts&quot;:0,&quot;custom_html_atts&quot;:null,&quot;hide_on_states&quot;:&quot;&quot;,&quot;hide_for_sticky&quot;:0,&quot;hide_for_not_sticky&quot;:0,&quot;hide_below&quot;:&quot;0px&quot;,&quot;hide_above&quot;:&quot;0px&quot;,&quot;classes&quot;:&quot;&quot;}}}'><\/div><\/div><\/div><\/div><\/div><\/div><\/section>\n","protected":false},"excerpt":{"rendered":"El congr\u00e9s va reunir l\u00edders internacionals, institucions i projectes innovadors per promoure el talent femen\u00ed en disciplines STEM. La ciutat comtal s\u2019ha convertit en l\u2019epicentre mundial de la innovaci\u00f3 i la igualtat amb la celebraci\u00f3 de la setena edici\u00f3 del STEM Women Congress Global 2025, un esdeveniment que va reunir l\u00edders, acad\u00e8miques, professionals i estudiants...","protected":false},"author":1,"featured_media":0,"parent":0,"menu_order":0,"comment_status":"closed","ping_status":"closed","template":"","meta":{"_acf_changed":false,"footnotes":""},"class_list":["post-15403","page","type-page","status-publish","hentry"],"acf":[],"yoast_head":"<!-- This site is optimized with the Yoast SEO plugin v24.3 - https:\/\/yoast.com\/wordpress\/plugins\/seo\/ -->\n<title>Congresos ediciones - StemWomen<\/title>\n<meta name=\"robots\" content=\"index, follow, max-snippet:-1, max-image-preview:large, max-video-preview:-1\" \/>\n<link rel=\"canonical\" href=\"https:\/\/www.stemwomen.eu\/ca\/congresos-espana\/\" \/>\n<meta property=\"og:locale\" content=\"ca_ES\" \/>\n<meta property=\"og:type\" content=\"article\" \/>\n<meta property=\"og:title\" content=\"Congresos ediciones - StemWomen\" \/>\n<meta property=\"og:url\" content=\"https:\/\/www.stemwomen.eu\/ca\/congresos-espana\/\" \/>\n<meta property=\"og:site_name\" content=\"StemWomen\" \/>\n<meta property=\"article:modified_time\" content=\"2026-03-02T07:30:31+00:00\" \/>\n<meta name=\"twitter:card\" content=\"summary_large_image\" \/>\n<meta name=\"twitter:site\" content=\"@StemwomenEurope\" \/>\n<meta name=\"twitter:label1\" content=\"Temps estimat de lectura\" \/>\n\t<meta name=\"twitter:data1\" content=\"1 minut\" \/>\n<script type=\"application\/ld+json\" class=\"yoast-schema-graph\">{\"@context\":\"https:\/\/schema.org\",\"@graph\":[{\"@type\":\"WebPage\",\"@id\":\"https:\/\/www.stemwomen.eu\/ca\/congresos-espana\/\",\"url\":\"https:\/\/www.stemwomen.eu\/ca\/congresos-espana\/\",\"name\":\"Congresos ediciones - StemWomen\",\"isPartOf\":{\"@id\":\"https:\/\/www.stemwomen.eu\/ca\/#website\"},\"datePublished\":\"2026-02-27T15:15:04+00:00\",\"dateModified\":\"2026-03-02T07:30:31+00:00\",\"breadcrumb\":{\"@id\":\"https:\/\/www.stemwomen.eu\/ca\/congresos-espana\/#breadcrumb\"},\"inLanguage\":\"ca\",\"potentialAction\":[{\"@type\":\"ReadAction\",\"target\":[\"https:\/\/www.stemwomen.eu\/ca\/congresos-espana\/\"]}]},{\"@type\":\"BreadcrumbList\",\"@id\":\"https:\/\/www.stemwomen.eu\/ca\/congresos-espana\/#breadcrumb\",\"itemListElement\":[{\"@type\":\"ListItem\",\"position\":1,\"name\":\"Portada\",\"item\":\"https:\/\/www.stemwomen.eu\/ca\/\"},{\"@type\":\"ListItem\",\"position\":2,\"name\":\"Congresos ediciones\"}]},{\"@type\":\"WebSite\",\"@id\":\"https:\/\/www.stemwomen.eu\/ca\/#website\",\"url\":\"https:\/\/www.stemwomen.eu\/ca\/\",\"name\":\"StemWomen\",\"description\":\"Crear oportunidades a trav\u00e9s de la ciencia\",\"publisher\":{\"@id\":\"https:\/\/www.stemwomen.eu\/ca\/#organization\"},\"potentialAction\":[{\"@type\":\"SearchAction\",\"target\":{\"@type\":\"EntryPoint\",\"urlTemplate\":\"https:\/\/www.stemwomen.eu\/ca\/?s={search_term_string}\"},\"query-input\":{\"@type\":\"PropertyValueSpecification\",\"valueRequired\":true,\"valueName\":\"search_term_string\"}}],\"inLanguage\":\"ca\"},{\"@type\":\"Organization\",\"@id\":\"https:\/\/www.stemwomen.eu\/ca\/#organization\",\"name\":\"STEM Women Congress\",\"url\":\"https:\/\/www.stemwomen.eu\/ca\/\",\"logo\":{\"@type\":\"ImageObject\",\"inLanguage\":\"ca\",\"@id\":\"https:\/\/www.stemwomen.eu\/ca\/#\/schema\/logo\/image\/\",\"url\":\"https:\/\/stemwomen.eu\/wp-content\/uploads\/2019\/08\/Mesa-de-trabajo-2@120x-8.png\",\"contentUrl\":\"https:\/\/stemwomen.eu\/wp-content\/uploads\/2019\/08\/Mesa-de-trabajo-2@120x-8.png\",\"width\":1388,\"height\":343,\"caption\":\"STEM Women Congress\"},\"image\":{\"@id\":\"https:\/\/www.stemwomen.eu\/ca\/#\/schema\/logo\/image\/\"},\"sameAs\":[\"https:\/\/x.com\/StemwomenEurope\"]}]}<\/script>\n<!-- \/ Yoast SEO plugin. -->","yoast_head_json":{"title":"Congresos ediciones - StemWomen","robots":{"index":"index","follow":"follow","max-snippet":"max-snippet:-1","max-image-preview":"max-image-preview:large","max-video-preview":"max-video-preview:-1"},"canonical":"https:\/\/www.stemwomen.eu\/ca\/congresos-espana\/","og_locale":"ca_ES","og_type":"article","og_title":"Congresos ediciones - StemWomen","og_url":"https:\/\/www.stemwomen.eu\/ca\/congresos-espana\/","og_site_name":"StemWomen","article_modified_time":"2026-03-02T07:30:31+00:00","twitter_card":"summary_large_image","twitter_site":"@StemwomenEurope","twitter_misc":{"Temps estimat de lectura":"1 minut"},"schema":{"@context":"https:\/\/schema.org","@graph":[{"@type":"WebPage","@id":"https:\/\/www.stemwomen.eu\/ca\/congresos-espana\/","url":"https:\/\/www.stemwomen.eu\/ca\/congresos-espana\/","name":"Congresos ediciones - StemWomen","isPartOf":{"@id":"https:\/\/www.stemwomen.eu\/ca\/#website"},"datePublished":"2026-02-27T15:15:04+00:00","dateModified":"2026-03-02T07:30:31+00:00","breadcrumb":{"@id":"https:\/\/www.stemwomen.eu\/ca\/congresos-espana\/#breadcrumb"},"inLanguage":"ca","potentialAction":[{"@type":"ReadAction","target":["https:\/\/www.stemwomen.eu\/ca\/congresos-espana\/"]}]},{"@type":"BreadcrumbList","@id":"https:\/\/www.stemwomen.eu\/ca\/congresos-espana\/#breadcrumb","itemListElement":[{"@type":"ListItem","position":1,"name":"Portada","item":"https:\/\/www.stemwomen.eu\/ca\/"},{"@type":"ListItem","position":2,"name":"Congresos ediciones"}]},{"@type":"WebSite","@id":"https:\/\/www.stemwomen.eu\/ca\/#website","url":"https:\/\/www.stemwomen.eu\/ca\/","name":"StemWomen","description":"Crear oportunidades a trav\u00e9s de la ciencia","publisher":{"@id":"https:\/\/www.stemwomen.eu\/ca\/#organization"},"potentialAction":[{"@type":"SearchAction","target":{"@type":"EntryPoint","urlTemplate":"https:\/\/www.stemwomen.eu\/ca\/?s={search_term_string}"},"query-input":{"@type":"PropertyValueSpecification","valueRequired":true,"valueName":"search_term_string"}}],"inLanguage":"ca"},{"@type":"Organization","@id":"https:\/\/www.stemwomen.eu\/ca\/#organization","name":"STEM Women Congress","url":"https:\/\/www.stemwomen.eu\/ca\/","logo":{"@type":"ImageObject","inLanguage":"ca","@id":"https:\/\/www.stemwomen.eu\/ca\/#\/schema\/logo\/image\/","url":"https:\/\/stemwomen.eu\/wp-content\/uploads\/2019\/08\/Mesa-de-trabajo-2@120x-8.png","contentUrl":"https:\/\/stemwomen.eu\/wp-content\/uploads\/2019\/08\/Mesa-de-trabajo-2@120x-8.png","width":1388,"height":343,"caption":"STEM Women Congress"},"image":{"@id":"https:\/\/www.stemwomen.eu\/ca\/#\/schema\/logo\/image\/"},"sameAs":["https:\/\/x.com\/StemwomenEurope"]}]}},"_links":{"self":[{"href":"https:\/\/www.stemwomen.eu\/ca\/wp-json\/wp\/v2\/pages\/15403","targetHints":{"allow":["GET"]}}],"collection":[{"href":"https:\/\/www.stemwomen.eu\/ca\/wp-json\/wp\/v2\/pages"}],"about":[{"href":"https:\/\/www.stemwomen.eu\/ca\/wp-json\/wp\/v2\/types\/page"}],"author":[{"embeddable":true,"href":"https:\/\/www.stemwomen.eu\/ca\/wp-json\/wp\/v2\/users\/1"}],"replies":[{"embeddable":true,"href":"https:\/\/www.stemwomen.eu\/ca\/wp-json\/wp\/v2\/comments?post=15403"}],"version-history":[{"count":2,"href":"https:\/\/www.stemwomen.eu\/ca\/wp-json\/wp\/v2\/pages\/15403\/revisions"}],"predecessor-version":[{"id":15405,"href":"https:\/\/www.stemwomen.eu\/ca\/wp-json\/wp\/v2\/pages\/15403\/revisions\/15405"}],"wp:attachment":[{"href":"https:\/\/www.stemwomen.eu\/ca\/wp-json\/wp\/v2\/media?parent=15403"}],"curies":[{"name":"wp","href":"https:\/\/api.w.org\/{rel}","templated":true}]}}